{"id":8744,"date":"2021-02-10T06:33:57","date_gmt":"2021-02-10T06:33:57","guid":{"rendered":"http:\/\/madrid2.com\/residencia\/?page_id=8744"},"modified":"2021-04-21T08:06:06","modified_gmt":"2021-04-21T08:06:06","slug":"portada","status":"publish","type":"page","link":"http:\/\/madrid2.com\/residencia\/","title":{"rendered":"Portada"},"content":{"rendered":"<p>[et_pb_section fb_built=\u00bb1&#8243; next_background_color=\u00bb#ffffff\u00bb admin_label=\u00bbHeader\u00bb _builder_version=\u00bb4.9.3&#8243; background_color=\u00bb#34545a\u00bb background_image=\u00bbhttp:\/\/madrid2.com\/residencia\/wp-content\/uploads\/2021\/02\/Foto-1-Vista-Residencia.jpg\u00bb parallax=\u00bbon\u00bb custom_margin=\u00bb||||false\u00bb custom_padding=\u00bb10vw||10vw||true|false\u00bb bottom_divider_style=\u00bbcurve\u00bb bottom_divider_height=\u00bb3vw\u00bb][et_pb_row _builder_version=\u00bb4.8.2&#8243; background_color=\u00bbrgba(0,0,0,0.51)\u00bb background_enable_image=\u00bboff\u00bb background_size=\u00bbcontain\u00bb animation_style=\u00bbzoom\u00bb animation_intensity_zoom=\u00bb10%\u00bb border_radii=\u00bbon|15px|15px|15px|15px\u00bb][et_pb_column type=\u00bb4_4&#8243; _builder_version=\u00bb3.25&#8243; custom_padding=\u00bb|||\u00bb custom_padding__hover=\u00bb|||\u00bb][et_pb_image align=\u00bbcenter\u00bb align_tablet=\u00bbcenter\u00bb align_phone=\u00bb\u00bb align_last_edited=\u00bbon|desktop\u00bb _builder_version=\u00bb4.8.2&#8243; max_width=\u00bb250px\u00bb animation_style=\u00bbslide\u00bb animation_direction=\u00bbbottom\u00bb][\/et_pb_image][et_pb_text _builder_version=\u00bb4.9.3&#8243; text_font=\u00bb||||||||\u00bb header_font=\u00bbMontserrat|500||on|||||\u00bb header_font_size=\u00bb18px\u00bb header_letter_spacing=\u00bb5px\u00bb header_line_height=\u00bb1.5em\u00bb header_2_font=\u00bbMerriweather|||on|||||\u00bb header_2_font_size=\u00bb50px\u00bb header_2_letter_spacing=\u00bb5px\u00bb header_2_line_height=\u00bb1.4em\u00bb text_orientation=\u00bbcenter\u00bb background_layout=\u00bbdark\u00bb header_font_size_tablet=\u00bb\u00bb header_font_size_phone=\u00bb12px\u00bb header_font_size_last_edited=\u00bbon|desktop\u00bb header_2_font_size_tablet=\u00bb50px\u00bb header_2_font_size_phone=\u00bb30px\u00bb header_2_font_size_last_edited=\u00bbon|desktop\u00bb]<\/p>\n<h2>Residencia de ancianos<\/h2>\n<h2>Nuestra Se\u00f1ora de Gracia<\/h2>\n<h1>en Toledo, situada en Ajofr\u00edn<br \/>\n(a 15 minutos de Toledo y a 1 hora de Madrid)<\/h1>\n<p>[\/et_pb_text][\/et_pb_column][\/et_pb_row][et_pb_row _builder_version=\u00bb3.25&#8243;][et_pb_column type=\u00bb4_4&#8243; _builder_version=\u00bb3.25&#8243; custom_padding=\u00bb|||\u00bb custom_padding__hover=\u00bb|||\u00bb][\/et_pb_column][\/et_pb_row][\/et_pb_section][et_pb_section fb_built=\u00bb1&#8243; admin_label=\u00bbFeatures\u00bb _builder_version=\u00bb4.8.2&#8243; custom_margin=\u00bb||0px||false|false\u00bb custom_padding=\u00bb||0px||false|false\u00bb][et_pb_row _builder_version=\u00bb4.8.2&#8243; _module_preset=\u00bbdefault\u00bb][et_pb_column type=\u00bb4_4&#8243; _builder_version=\u00bb4.8.2&#8243; _module_preset=\u00bbdefault\u00bb][et_pb_text _builder_version=\u00bb4.8.2&#8243; text_font=\u00bb||||||||\u00bb text_line_height=\u00bb2em\u00bb header_font=\u00bb||||||||\u00bb header_2_font=\u00bbMerriweather|700|||||||\u00bb header_2_font_size=\u00bb36px\u00bb header_2_line_height=\u00bb1.6em\u00bb header_2_font_size_tablet=\u00bb\u00bb header_2_font_size_phone=\u00bb20px\u00bb header_2_font_size_last_edited=\u00bbon|phone\u00bb]<\/p>\n<h2 style=\"text-align: center;\">Residencia\u00a0Nuestra\u00a0Se\u00f1ora de Gracia<\/h2>\n<p>[\/et_pb_text][\/et_pb_column][\/et_pb_row][et_pb_row column_structure=\u00bb1_2,1_2&#8243; use_custom_gutter=\u00bbon\u00bb gutter_width=\u00bb4&#8243; _builder_version=\u00bb4.8.2&#8243;][et_pb_column type=\u00bb1_2&#8243; _builder_version=\u00bb4.8.2&#8243; custom_padding=\u00bb|||\u00bb custom_padding__hover=\u00bb|||\u00bb][et_pb_blurb title=\u00bbEnfermos de Alzheimer.\u00bb image=\u00bbhttp:\/\/madrid2.com\/residencia\/wp-content\/uploads\/2021\/02\/nutrition-icon-small-2.png\u00bb icon_placement=\u00bbleft\u00bb image_max_width=\u00bb80px\u00bb image_max_width_tablet=\u00bb60px\u00bb image_max_width_phone=\u00bb\u00bb image_max_width_last_edited=\u00bbon|tablet\u00bb _builder_version=\u00bb4.9.3&#8243; header_font=\u00bbMerriweather|700|||||||\u00bb header_line_height=\u00bb1.8em\u00bb body_line_height=\u00bb2em\u00bb background_color=\u00bb#ffffff\u00bb custom_margin=\u00bb||10px||false|false\u00bb custom_padding=\u00bb30px|30px|30px|30px|true|true\u00bb animation_style=\u00bbzoom\u00bb animation_intensity_zoom=\u00bb10%\u00bb border_radii=\u00bbon|10px|10px|10px|10px\u00bb border_radii_image=\u00bbon|100px|100px|100px|100px\u00bb box_shadow_style=\u00bbpreset1&#8243; box_shadow_vertical=\u00bb10px\u00bb box_shadow_blur=\u00bb60px\u00bb box_shadow_color=\u00bbrgba(1,33,92,0.1)\u00bb box_shadow_style_image=\u00bbpreset1&#8243; box_shadow_vertical_image=\u00bb10px\u00bb box_shadow_blur_image=\u00bb40px\u00bb box_shadow_spread_image=\u00bb-10px\u00bb box_shadow_color_image=\u00bb#ffc47c\u00bb]<\/p>\n<p>Existen plazas especializadas para enfermos de Alzheimer<\/p>\n<p>[\/et_pb_blurb][et_pb_blurb title=\u00bbCentro de D\u00eda \u00bb image=\u00bbhttp:\/\/madrid2.com\/residencia\/wp-content\/uploads\/2021\/02\/nutrition-icon-small-3.png\u00bb icon_placement=\u00bbleft\u00bb image_max_width=\u00bb80px\u00bb image_max_width_tablet=\u00bb60px\u00bb image_max_width_phone=\u00bb\u00bb image_max_width_last_edited=\u00bbon|tablet\u00bb _builder_version=\u00bb4.9.3&#8243; header_font=\u00bbMerriweather|700|||||||\u00bb header_line_height=\u00bb1.8em\u00bb body_line_height=\u00bb2em\u00bb background_color=\u00bb#ffffff\u00bb custom_margin=\u00bb||10px||false|false\u00bb custom_padding=\u00bb30px|30px|30px|30px|true|true\u00bb animation_style=\u00bbzoom\u00bb animation_intensity_zoom=\u00bb10%\u00bb border_radii=\u00bbon|10px|10px|10px|10px\u00bb border_radii_image=\u00bbon|100px|100px|100px|100px\u00bb box_shadow_style=\u00bbpreset1&#8243; box_shadow_vertical=\u00bb10px\u00bb box_shadow_blur=\u00bb60px\u00bb box_shadow_color=\u00bbrgba(1,33,92,0.1)\u00bb box_shadow_style_image=\u00bbpreset1&#8243; box_shadow_vertical_image=\u00bb10px\u00bb box_shadow_blur_image=\u00bb40px\u00bb box_shadow_spread_image=\u00bb-10px\u00bb box_shadow_color_image=\u00bb#15c39a\u00bb]<\/p>\n<p>El horario es flexible y nos adaptamos a las necesidades personales y familiares desde las 9h hasta las 20h de lunes a s\u00e1bado.<\/p>\n<p>[\/et_pb_blurb][et_pb_blurb title=\u00bbPost operatorias\u00bb image=\u00bbhttp:\/\/madrid2.com\/residencia\/wp-content\/uploads\/2021\/02\/nutrition-icon-small-1.png\u00bb icon_placement=\u00bbleft\u00bb image_max_width=\u00bb80px\u00bb image_max_width_tablet=\u00bb60px\u00bb image_max_width_phone=\u00bb\u00bb image_max_width_last_edited=\u00bbon|tablet\u00bb _builder_version=\u00bb4.8.2&#8243; header_font=\u00bbMerriweather|700|||||||\u00bb header_line_height=\u00bb1.8em\u00bb body_line_height=\u00bb2em\u00bb background_color=\u00bb#ffffff\u00bb custom_padding=\u00bb30px|30px|30px|30px|true|true\u00bb animation_style=\u00bbzoom\u00bb animation_intensity_zoom=\u00bb10%\u00bb border_radii=\u00bbon|10px|10px|10px|10px\u00bb border_radii_image=\u00bbon|100px|100px|100px|100px\u00bb box_shadow_style=\u00bbpreset1&#8243; box_shadow_vertical=\u00bb10px\u00bb box_shadow_blur=\u00bb60px\u00bb box_shadow_color=\u00bbrgba(1,33,92,0.1)\u00bb box_shadow_style_image=\u00bbpreset1&#8243; box_shadow_vertical_image=\u00bb10px\u00bb box_shadow_blur_image=\u00bb40px\u00bb box_shadow_spread_image=\u00bb-10px\u00bb box_shadow_color_image=\u00bb#437a88&#8243; locked=\u00bboff\u00bb]<\/p>\n<p>Estancias para la recuperaci\u00f3n post Operatorio<\/p>\n<p>[\/et_pb_blurb][\/et_pb_column][et_pb_column type=\u00bb1_2&#8243; _builder_version=\u00bb4.8.2&#8243; custom_padding=\u00bb10px||||false|false\u00bb custom_padding_tablet=\u00bb0px|||\u00bb custom_padding_last_edited=\u00bboff|desktop\u00bb custom_padding__hover=\u00bb|||\u00bb][et_pb_video src=\u00bbhttp:\/\/madrid2.com\/residencia\/wp-content\/uploads\/2021\/04\/Residencia_NS_Gracia_2021_Final.mp4.mp4&#8243; src_webm=\u00bbhttp:\/\/madrid2.com\/residencia\/wp-content\/uploads\/2021\/04\/Residencia_NS_Gracia_2021_Final.webmsd.webm\u00bb _builder_version=\u00bb4.9.3&#8243; _module_preset=\u00bbdefault\u00bb border_radii=\u00bbon|10px|10px|10px|10px\u00bb][\/et_pb_video][et_pb_text _builder_version=\u00bb4.9.3&#8243; text_font=\u00bb||||||||\u00bb text_line_height=\u00bb2em\u00bb header_font=\u00bb||||||||\u00bb header_2_font=\u00bbMerriweather|700|||||||\u00bb header_2_font_size=\u00bb36px\u00bb header_2_line_height=\u00bb1.6em\u00bb header_2_font_size_tablet=\u00bb\u00bb header_2_font_size_phone=\u00bb20px\u00bb header_2_font_size_last_edited=\u00bbon|phone\u00bb]<\/p>\n<p>Una residencia de ancianos situada en Toledo que cuenta con una capacidad de 100 plazas para residentes, tanto de car\u00e1cter privados como para aquellos que acudan a nosotros de forma concertada con la Administraci\u00f3n P\u00fablica. Las estancias pueden ser de corta o larga duraci\u00f3n.<\/p>\n<p>[\/et_pb_text][\/et_pb_column][\/et_pb_row][et_pb_row _builder_version=\u00bb4.9.3&#8243; _module_preset=\u00bbdefault\u00bb][et_pb_column type=\u00bb4_4&#8243; _builder_version=\u00bb4.9.3&#8243; _module_preset=\u00bbdefault\u00bb][et_pb_text _builder_version=\u00bb4.9.3&#8243; text_font=\u00bb||||||||\u00bb text_line_height=\u00bb2em\u00bb header_font=\u00bb||||||||\u00bb header_2_font=\u00bbMerriweather|700|||||||\u00bb header_2_font_size=\u00bb36px\u00bb header_2_line_height=\u00bb1.6em\u00bb header_2_font_size_tablet=\u00bb\u00bb header_2_font_size_phone=\u00bb20px\u00bb header_2_font_size_last_edited=\u00bbon|phone\u00bb]<\/p>\n<p>Las instalaciones de la residencia est\u00e1n dise\u00f1adas para la adecuada atenci\u00f3n y convivencia de distintos tipos de residentes (ancianos dependientes de asistencia o no dependientes). Los residentes est\u00e1n asistidos por un equipo de profesionales cualificados y experimentados en la atenci\u00f3n de personas mayores. Completando la asistencia t\u00e9cnica, nuestro personal dedica una especial atenci\u00f3n al cuidado personalizado de cada Residente, primando el trato cercano y familiar. Para lograr una mayor adaptaci\u00f3n y recuperaci\u00f3n de los ancianos, el equipo de la residencia mantiene un contacto directo y permanente con los familiares.<\/p>\n<p>[\/et_pb_text][et_pb_button button_text=\u00bbM\u00e1s informaci\u00f3n\u00bb _builder_version=\u00bb4.8.2&#8243; custom_button=\u00bbon\u00bb button_text_size=\u00bb13px\u00bb button_text_color=\u00bb#ffffff\u00bb button_bg_color=\u00bb#15c39a\u00bb button_border_width=\u00bb0px\u00bb button_border_color=\u00bbrgba(0,0,0,0)\u00bb button_border_radius=\u00bb100px\u00bb button_letter_spacing=\u00bb2px\u00bb button_font=\u00bbMontserrat|500||on|||||\u00bb button_use_icon=\u00bboff\u00bb custom_padding=\u00bb16px|30px|16px|30px|true|true\u00bb box_shadow_style=\u00bbpreset1&#8243; box_shadow_vertical=\u00bb10px\u00bb box_shadow_blur=\u00bb20px\u00bb box_shadow_color=\u00bbrgba(21,195,154,0.3)\u00bb button_letter_spacing_hover=\u00bb2px\u00bb locked=\u00bboff\u00bb button_text_size__hover_enabled=\u00bboff\u00bb button_one_text_size__hover_enabled=\u00bboff\u00bb button_two_text_size__hover_enabled=\u00bboff\u00bb button_text_color__hover_enabled=\u00bboff\u00bb button_one_text_color__hover_enabled=\u00bboff\u00bb button_two_text_color__hover_enabled=\u00bboff\u00bb button_border_width__hover_enabled=\u00bboff\u00bb button_one_border_width__hover_enabled=\u00bboff\u00bb button_two_border_width__hover_enabled=\u00bboff\u00bb button_border_color__hover_enabled=\u00bboff\u00bb button_one_border_color__hover_enabled=\u00bboff\u00bb button_two_border_color__hover_enabled=\u00bboff\u00bb button_border_radius__hover_enabled=\u00bboff\u00bb button_one_border_radius__hover_enabled=\u00bboff\u00bb button_two_border_radius__hover_enabled=\u00bboff\u00bb button_letter_spacing__hover_enabled=\u00bbon\u00bb button_letter_spacing__hover=\u00bb2px\u00bb button_one_letter_spacing__hover_enabled=\u00bboff\u00bb button_two_letter_spacing__hover_enabled=\u00bboff\u00bb button_bg_color__hover_enabled=\u00bboff\u00bb button_one_bg_color__hover_enabled=\u00bboff\u00bb button_two_bg_color__hover_enabled=\u00bboff\u00bb][\/et_pb_button][\/et_pb_column][\/et_pb_row][\/et_pb_section][et_pb_section fb_built=\u00bb1&#8243; specialty=\u00bbon\u00bb bg_img_2=\u00bbhttp:\/\/madrid2.com\/residencia\/wp-content\/uploads\/2021\/02\/Foto-6-Salon-Recepcion.jpg\u00bb padding_top_bottom_link_1=\u00bbfalse\u00bb padding_top_bottom_link_2=\u00bbtrue\u00bb padding_left_right_link_1=\u00bbfalse\u00bb use_background_color_gradient_2=\u00bbon\u00bb background_color_gradient_start_2=\u00bbrgba(255,255,255,0)\u00bb background_color_gradient_end_2=\u00bb#f7f7f7&#8243; background_color_gradient_start_position_2=\u00bb50%\u00bb background_color_gradient_overlays_image_2=\u00bbon\u00bb padding_top_2=\u00bb0px\u00bb padding_bottom_1=\u00bb6vw\u00bb padding_bottom_2=\u00bb0px\u00bb padding_left_1=\u00bb10%\u00bb padding_1_tablet=\u00bb|10%||10%||true\u00bb padding_1_phone=\u00bb\u00bb padding_1_last_edited=\u00bbon|desktop\u00bb admin_label=\u00bbServices\u00bb _builder_version=\u00bb4.8.2&#8243; use_background_color_gradient=\u00bbon\u00bb background_color_gradient_start=\u00bb#ffffff\u00bb background_color_gradient_end=\u00bb#f7f7f7&#8243; inner_width=\u00bb100%\u00bb inner_max_width=\u00bb100%\u00bb custom_padding=\u00bb54px|0px|0||false|false\u00bb bottom_divider_style=\u00bbcurve\u00bb bottom_divider_color=\u00bb#ffffff\u00bb bottom_divider_height=\u00bb6vw\u00bb bottom_divider_arrangement=\u00bbabove_content\u00bb use_custom_width=\u00bbon\u00bb width_unit=\u00bboff\u00bb custom_width_percent=\u00bb100%\u00bb][et_pb_column type=\u00bb1_2&#8243; specialty_columns=\u00bb2&#8243; _builder_version=\u00bb3.25&#8243; custom_padding=\u00bb|||\u00bb custom_padding__hover=\u00bb|||\u00bb][et_pb_row_inner _builder_version=\u00bb3.25&#8243; custom_padding=\u00bb30px|0px|0|0px|false|false\u00bb][et_pb_column_inner saved_specialty_column_type=\u00bb1_2&#8243; _builder_version=\u00bb3.25&#8243; custom_padding=\u00bb|||\u00bb custom_padding__hover=\u00bb|||\u00bb][et_pb_text _builder_version=\u00bb4.8.2&#8243; text_font=\u00bb||||||||\u00bb text_line_height=\u00bb2em\u00bb header_font=\u00bb||||||||\u00bb header_2_font=\u00bbMerriweather|700|||||||\u00bb header_2_font_size=\u00bb36px\u00bb header_2_line_height=\u00bb1.6em\u00bb max_width=\u00bb600px\u00bb header_2_font_size_tablet=\u00bb\u00bb header_2_font_size_phone=\u00bb20px\u00bb header_2_font_size_last_edited=\u00bbon|phone\u00bb locked=\u00bboff\u00bb]<\/p>\n<h2>Modelo Asistencial<\/h2>\n<p>[\/et_pb_text][\/et_pb_column_inner][\/et_pb_row_inner][et_pb_row_inner column_structure=\u00bb1_2,1_2&#8243; _builder_version=\u00bb3.25&#8243; custom_padding=\u00bb30px|0px|0|0px|false|false\u00bb][et_pb_column_inner type=\u00bb1_2&#8243; saved_specialty_column_type=\u00bb1_2&#8243; _builder_version=\u00bb3.25&#8243; custom_padding=\u00bb|||\u00bb custom_padding__hover=\u00bb|||\u00bb][et_pb_text _builder_version=\u00bb4.8.2&#8243; text_font=\u00bb||||||||\u00bb text_line_height=\u00bb2em\u00bb header_font=\u00bb||||||||\u00bb header_4_font=\u00bbMerriweather|700|||||||\u00bb header_4_line_height=\u00bb1.8em\u00bb locked=\u00bboff\u00bb]<\/p>\n<h4><span style=\"color: #15c39a;\">CALIDAD EN LA ACOGIDA Y ADAPTACI\u00d3N AL CENTRO<\/span><\/h4>\n<p>Todos los profesionales de la Residencia hacemos especial hincapi\u00e9 en los primeros momentos de la estancia del Residente en nuestro centro[\/et_pb_text][\/et_pb_column_inner][et_pb_column_inner type=\u00bb1_2&#8243; saved_specialty_column_type=\u00bb1_2&#8243; _builder_version=\u00bb3.25&#8243; custom_padding=\u00bb|||\u00bb custom_padding__hover=\u00bb|||\u00bb][et_pb_text _builder_version=\u00bb4.8.2&#8243; text_font=\u00bb||||||||\u00bb text_line_height=\u00bb2em\u00bb header_font=\u00bb||||||||\u00bb header_4_font=\u00bbMerriweather|700|||||||\u00bb header_4_line_height=\u00bb1.8em\u00bb locked=\u00bboff\u00bb]<\/p>\n<h4><span style=\"color: #15c39a;\">COMUNICACI\u00d3N Y COORDINACI\u00d3N CON LAS FAMILIAS<\/span><\/h4>\n<p>Las familias son un aspecto esencial en nuestra Residencia. La colaboraci\u00f3n Familia-Residente es un t\u00e1ndem imprescindible en el proceso asistencial.[\/et_pb_text][\/et_pb_column_inner][\/et_pb_row_inner][et_pb_row_inner column_structure=\u00bb1_2,1_2&#8243; _builder_version=\u00bb3.25&#8243; custom_padding=\u00bb30px|0px|0|0px|false|false\u00bb][et_pb_column_inner type=\u00bb1_2&#8243; saved_specialty_column_type=\u00bb1_2&#8243; _builder_version=\u00bb3.25&#8243; custom_padding=\u00bb|||\u00bb custom_padding__hover=\u00bb|||\u00bb][et_pb_text _builder_version=\u00bb4.8.2&#8243; text_font=\u00bb||||||||\u00bb text_line_height=\u00bb2em\u00bb header_font=\u00bb||||||||\u00bb header_4_font=\u00bbMerriweather|700|||||||\u00bb header_4_line_height=\u00bb1.8em\u00bb locked=\u00bboff\u00bb]<\/p>\n<h4><span style=\"color: #15c39a;\">MODELO DE ATENCI\u00d3N CENTRADO EN LA PERSONA<\/span><\/h4>\n<p>Este modelo es el eje principal de nuestras intervenciones. Todos nuestros profesionales lo conocen y act\u00faan bajo su criterio.<\/p>\n<p>[\/et_pb_text][\/et_pb_column_inner][et_pb_column_inner type=\u00bb1_2&#8243; saved_specialty_column_type=\u00bb1_2&#8243; _builder_version=\u00bb3.25&#8243; custom_padding=\u00bb|||\u00bb custom_padding__hover=\u00bb|||\u00bb][et_pb_text _builder_version=\u00bb4.8.2&#8243; text_font=\u00bb||||||||\u00bb text_line_height=\u00bb2em\u00bb header_font=\u00bb||||||||\u00bb header_4_font=\u00bbMerriweather|700|||||||\u00bb header_4_line_height=\u00bb1.8em\u00bb locked=\u00bboff\u00bb]<\/p>\n<h4><span style=\"color: #15c39a;\">CUIDADOS PERSONALIZADOS E INDIVIDUALES<\/span><\/h4>\n<p>El trato personal es una clave en nuestra Residencia. Cada persona es \u00fanica y tiene sus deseos y necesidades.[\/et_pb_text][\/et_pb_column_inner][\/et_pb_row_inner][et_pb_row_inner _builder_version=\u00bb3.25&#8243;][et_pb_column_inner saved_specialty_column_type=\u00bb1_2&#8243; _builder_version=\u00bb3.25&#8243; custom_padding=\u00bb|||\u00bb custom_padding__hover=\u00bb|||\u00bb][et_pb_button button_url=\u00bbhttp:\/\/madrid2.com\/residencia\/modelo-asistencial\/\u00bb button_text=\u00bbConoce m\u00e1s del modelo asitencial\u00bb _builder_version=\u00bb4.9.3&#8243; custom_button=\u00bbon\u00bb button_text_size=\u00bb13px\u00bb button_text_color=\u00bb#ffffff\u00bb button_bg_color=\u00bb#15c39a\u00bb button_border_width=\u00bb0px\u00bb button_border_color=\u00bbrgba(0,0,0,0)\u00bb button_border_radius=\u00bb100px\u00bb button_letter_spacing=\u00bb2px\u00bb button_font=\u00bbMontserrat|500||on|||||\u00bb button_use_icon=\u00bboff\u00bb custom_padding=\u00bb16px|30px|16px|30px|true|true\u00bb box_shadow_style=\u00bbpreset1&#8243; box_shadow_vertical=\u00bb10px\u00bb box_shadow_blur=\u00bb20px\u00bb box_shadow_color=\u00bbrgba(21,195,154,0.3)\u00bb button_letter_spacing_hover=\u00bb2px\u00bb locked=\u00bboff\u00bb button_text_size__hover_enabled=\u00bboff\u00bb button_one_text_size__hover_enabled=\u00bboff\u00bb button_two_text_size__hover_enabled=\u00bboff\u00bb button_text_color__hover_enabled=\u00bboff\u00bb button_one_text_color__hover_enabled=\u00bboff\u00bb button_two_text_color__hover_enabled=\u00bboff\u00bb button_border_width__hover_enabled=\u00bboff\u00bb button_one_border_width__hover_enabled=\u00bboff\u00bb button_two_border_width__hover_enabled=\u00bboff\u00bb button_border_color__hover_enabled=\u00bboff\u00bb button_one_border_color__hover_enabled=\u00bboff\u00bb button_two_border_color__hover_enabled=\u00bboff\u00bb button_border_radius__hover_enabled=\u00bboff\u00bb button_one_border_radius__hover_enabled=\u00bboff\u00bb button_two_border_radius__hover_enabled=\u00bboff\u00bb button_letter_spacing__hover_enabled=\u00bbon\u00bb button_letter_spacing__hover=\u00bb2px\u00bb button_one_letter_spacing__hover_enabled=\u00bboff\u00bb button_two_letter_spacing__hover_enabled=\u00bboff\u00bb button_bg_color__hover_enabled=\u00bboff\u00bb button_one_bg_color__hover_enabled=\u00bboff\u00bb button_two_bg_color__hover_enabled=\u00bboff\u00bb][\/et_pb_button][\/et_pb_column_inner][\/et_pb_row_inner][\/et_pb_column][et_pb_column type=\u00bb1_2&#8243; _builder_version=\u00bb3.25&#8243; custom_padding=\u00bb|||\u00bb custom_padding__hover=\u00bb|||\u00bb][et_pb_image src=\u00bbhttp:\/\/madrid2.com\/residencia\/wp-content\/uploads\/2021\/02\/nutritionist-09.png\u00bb force_fullwidth=\u00bbon\u00bb align_tablet=\u00bbcenter\u00bb align_phone=\u00bb\u00bb align_last_edited=\u00bbon|desktop\u00bb _builder_version=\u00bb4.8.2&#8243;][\/et_pb_image][\/et_pb_column][\/et_pb_section][et_pb_section fb_built=\u00bb1&#8243; admin_label=\u00bbCall to Action\u00bb _builder_version=\u00bb4.8.2&#8243; background_color=\u00bb#f9f9f4&#8243; max_width=\u00bb1220px\u00bb module_alignment=\u00bbcenter\u00bb custom_margin=\u00bb0px|0px|0px|0px|true|false\u00bb custom_margin_tablet=\u00bb\u00bb custom_margin_phone=\u00bb0px||0px||true\u00bb custom_margin_last_edited=\u00bbon|phone\u00bb custom_padding=\u00bb0px|0px|0|0px|false|true\u00bb animation_style=\u00bbzoom\u00bb animation_intensity_zoom=\u00bb10%\u00bb box_shadow_style=\u00bbpreset7&#8243; box_shadow_horizontal=\u00bb0px\u00bb box_shadow_vertical=\u00bb0px\u00bb box_shadow_spread=\u00bb50px\u00bb box_shadow_color=\u00bb#ffffff\u00bb][et_pb_row custom_padding_last_edited=\u00bbon|phone\u00bb _builder_version=\u00bb3.25&#8243; background_image=\u00bbhttp:\/\/madrid2.com\/residencia\/wp-content\/uploads\/2021\/02\/nutritionist-08.png\u00bb background_size=\u00bbcontain\u00bb background_position=\u00bbtop_left\u00bb width=\u00bb100%\u00bb max_width=\u00bb100%\u00bb custom_padding=\u00bb130px|110px||110px|false|true\u00bb custom_padding_tablet=\u00bb|90px||90px|false|true\u00bb custom_padding_phone=\u00bb|60px||60px||true\u00bb use_custom_width=\u00bbon\u00bb width_unit=\u00bboff\u00bb custom_width_percent=\u00bb100%\u00bb][et_pb_column type=\u00bb4_4&#8243; _builder_version=\u00bb3.25&#8243; custom_padding=\u00bb|||\u00bb custom_padding__hover=\u00bb|||\u00bb][et_pb_text _builder_version=\u00bb4.8.2&#8243; text_font=\u00bb||||||||\u00bb text_line_height=\u00bb2em\u00bb header_font=\u00bb||||||||\u00bb header_3_font=\u00bbMerriweather|700|||||||\u00bb header_3_font_size=\u00bb30px\u00bb header_3_line_height=\u00bb1.6em\u00bb header_4_font=\u00bbMerriweather|700|||||||\u00bb header_4_text_color=\u00bb#15c39a\u00bb header_4_line_height=\u00bb1.8em\u00bb background_color=\u00bb#f9f9f4&#8243; text_orientation=\u00bbcenter\u00bb max_width=\u00bb700px\u00bb module_alignment=\u00bbcenter\u00bb header_3_font_size_tablet=\u00bb\u00bb header_3_font_size_phone=\u00bb16px\u00bb header_3_font_size_last_edited=\u00bbon|desktop\u00bb header_4_font_size_tablet=\u00bb\u00bb header_4_font_size_phone=\u00bb14px\u00bb header_4_font_size_last_edited=\u00bbon|phone\u00bb locked=\u00bboff\u00bb]<\/p>\n<h3>NUTRICI\u00d3N<\/h3>\n<h4>Menus variados, desayuno, comida, merienda y cena.<\/h4>\n<p>Nuestra Residencia valora el servicio de cocina como unos de los principales en el centro. La buena nutrici\u00f3n y la hidrataci\u00f3n no s\u00f3lo son esenciales para la salud sino que el disfrute de las comidas reci\u00e9n preparadas tambi\u00e9n ayuda en el bienestar f\u00edsico y mental de nuestros Residentes.[\/et_pb_text][et_pb_button button_url=\u00bbhttp:\/\/madrid2.com\/residencia\/nutricion\u00bb button_text=\u00bbM\u00e1s informaci\u00f3n\u00bb button_alignment=\u00bbcenter\u00bb _builder_version=\u00bb4.9.3&#8243; custom_button=\u00bbon\u00bb button_text_size=\u00bb13px\u00bb button_text_color=\u00bb#ffffff\u00bb button_bg_color=\u00bb#15c39a\u00bb button_border_width=\u00bb0px\u00bb button_border_color=\u00bbrgba(0,0,0,0)\u00bb button_border_radius=\u00bb100px\u00bb button_letter_spacing=\u00bb2px\u00bb button_font=\u00bbMontserrat|500||on|||||\u00bb button_use_icon=\u00bboff\u00bb custom_margin=\u00bb50px|||\u00bb custom_padding=\u00bb16px|30px|16px|30px|true|true\u00bb box_shadow_style=\u00bbpreset1&#8243; box_shadow_vertical=\u00bb10px\u00bb box_shadow_blur=\u00bb20px\u00bb box_shadow_color=\u00bbrgba(21,195,154,0.3)\u00bb button_letter_spacing_hover=\u00bb2px\u00bb locked=\u00bboff\u00bb button_text_size__hover_enabled=\u00bboff\u00bb button_one_text_size__hover_enabled=\u00bboff\u00bb button_two_text_size__hover_enabled=\u00bboff\u00bb button_text_color__hover_enabled=\u00bboff\u00bb button_one_text_color__hover_enabled=\u00bboff\u00bb button_two_text_color__hover_enabled=\u00bboff\u00bb button_border_width__hover_enabled=\u00bboff\u00bb button_one_border_width__hover_enabled=\u00bboff\u00bb button_two_border_width__hover_enabled=\u00bboff\u00bb button_border_color__hover_enabled=\u00bboff\u00bb button_one_border_color__hover_enabled=\u00bboff\u00bb button_two_border_color__hover_enabled=\u00bboff\u00bb button_border_radius__hover_enabled=\u00bboff\u00bb button_one_border_radius__hover_enabled=\u00bboff\u00bb button_two_border_radius__hover_enabled=\u00bboff\u00bb button_letter_spacing__hover_enabled=\u00bbon\u00bb button_letter_spacing__hover=\u00bb2px\u00bb button_one_letter_spacing__hover_enabled=\u00bboff\u00bb button_two_letter_spacing__hover_enabled=\u00bboff\u00bb button_bg_color__hover_enabled=\u00bboff\u00bb button_one_bg_color__hover_enabled=\u00bboff\u00bb button_two_bg_color__hover_enabled=\u00bboff\u00bb][\/et_pb_button][\/et_pb_column][\/et_pb_row][\/et_pb_section][et_pb_section fb_built=\u00bb1&#8243; admin_label=\u00bbSubscribe\u00bb _builder_version=\u00bb4.9.3&#8243; background_color=\u00bb#15c39a\u00bb custom_margin=\u00bb|||\u00bb custom_padding=\u00bb12vw|0|0px||false|false\u00bb top_divider_style=\u00bbwave\u00bb top_divider_color=\u00bb#FFFFFF\u00bb top_divider_height=\u00bb6vw\u00bb][et_pb_row column_structure=\u00bb1_2,1_2&#8243; _builder_version=\u00bb4.8.2&#8243;][et_pb_column type=\u00bb1_2&#8243; _builder_version=\u00bb3.25&#8243; custom_padding=\u00bb|||\u00bb custom_padding__hover=\u00bb|||\u00bb][et_pb_gallery gallery_ids=\u00bb8930,8928,8929,8927,8931,8933,8932,8935,9056,9057,9058,9059,9060&#8243; gallery_orderby=\u00bbrand\u00bb fullwidth=\u00bbon\u00bb _builder_version=\u00bb4.9.3&#8243; _module_preset=\u00bbdefault\u00bb title_font=\u00bb|800|||||||\u00bb title_text_color=\u00bb#759310&#8243; pagination_text_color=\u00bb#FFFFFF\u00bb animation_style=\u00bbzoom\u00bb border_radii=\u00bbon|10px|10px|10px|10px\u00bb][\/et_pb_gallery][\/et_pb_column][et_pb_column type=\u00bb1_2&#8243; _builder_version=\u00bb3.25&#8243; custom_padding=\u00bb|||\u00bb custom_padding__hover=\u00bb|||\u00bb][et_pb_text _builder_version=\u00bb4.8.2&#8243; text_font=\u00bb||||||||\u00bb text_line_height=\u00bb2em\u00bb ul_font=\u00bb||||||||\u00bb ol_font=\u00bb||||||||\u00bb header_font=\u00bb||||||||\u00bb header_2_font=\u00bbMerriweather|700|||||||\u00bb header_2_font_size=\u00bb36px\u00bb header_2_line_height=\u00bb1.6em\u00bb header_3_font=\u00bb||||||||\u00bb header_4_font=\u00bb||||||||\u00bb header_5_font=\u00bb||||||||\u00bb header_6_font=\u00bb||||||||\u00bb background_layout=\u00bbdark\u00bb custom_margin=\u00bb40px|||\u00bb custom_margin_tablet=\u00bb0px|||\u00bb custom_margin_phone=\u00bb\u00bb custom_margin_last_edited=\u00bbon|tablet\u00bb header_2_font_size_tablet=\u00bb\u00bb header_2_font_size_phone=\u00bb20px\u00bb header_2_font_size_last_edited=\u00bbon|phone\u00bb locked=\u00bboff\u00bb]<\/p>\n<h2>Nuestras instalaciones<\/h2>\n<p>Todas nuestras instalaciones est\u00e1n preparadas para las necesidades de nuestros residentes, tenemos jardines de paseo, zonas soleadas y zonas de ejercicios.<\/p>\n<p>[\/et_pb_text][et_pb_button button_url=\u00bbhttp:\/\/madrid2.com\/residencia\/nuestras-instalaciones\/\u00bb button_text=\u00bbVer m\u00e1s detalles\u00bb button_alignment=\u00bbcenter\u00bb _builder_version=\u00bb4.9.3&#8243; custom_button=\u00bbon\u00bb button_text_size=\u00bb13px\u00bb button_text_color=\u00bb#15c39a\u00bb button_bg_color=\u00bb#FFFFFF\u00bb button_border_width=\u00bb0px\u00bb button_border_color=\u00bbrgba(0,0,0,0)\u00bb button_border_radius=\u00bb100px\u00bb button_letter_spacing=\u00bb2px\u00bb button_font=\u00bbMontserrat|500||on|||||\u00bb button_use_icon=\u00bboff\u00bb custom_margin=\u00bb50px|||\u00bb custom_padding=\u00bb16px|30px|16px|30px|true|true\u00bb box_shadow_style=\u00bbpreset1&#8243; box_shadow_vertical=\u00bb10px\u00bb box_shadow_blur=\u00bb20px\u00bb box_shadow_color=\u00bbrgba(255,255,255,0.3)\u00bb button_letter_spacing_hover=\u00bb2px\u00bb locked=\u00bboff\u00bb button_text_size__hover_enabled=\u00bboff\u00bb button_one_text_size__hover_enabled=\u00bboff\u00bb button_two_text_size__hover_enabled=\u00bboff\u00bb button_text_color__hover_enabled=\u00bboff\u00bb button_one_text_color__hover_enabled=\u00bboff\u00bb button_two_text_color__hover_enabled=\u00bboff\u00bb button_border_width__hover_enabled=\u00bboff\u00bb button_one_border_width__hover_enabled=\u00bboff\u00bb button_two_border_width__hover_enabled=\u00bboff\u00bb button_border_color__hover_enabled=\u00bboff\u00bb button_one_border_color__hover_enabled=\u00bboff\u00bb button_two_border_color__hover_enabled=\u00bboff\u00bb button_border_radius__hover_enabled=\u00bboff\u00bb button_one_border_radius__hover_enabled=\u00bboff\u00bb button_two_border_radius__hover_enabled=\u00bboff\u00bb button_letter_spacing__hover_enabled=\u00bbon\u00bb button_letter_spacing__hover=\u00bb2px\u00bb button_one_letter_spacing__hover_enabled=\u00bboff\u00bb button_two_letter_spacing__hover_enabled=\u00bboff\u00bb button_bg_color__hover_enabled=\u00bboff\u00bb button_one_bg_color__hover_enabled=\u00bboff\u00bb button_two_bg_color__hover_enabled=\u00bboff\u00bb][\/et_pb_button][\/et_pb_column][\/et_pb_row][\/et_pb_section][et_pb_section fb_built=\u00bb1&#8243; admin_label=\u00bbAbout Me\u00bb _builder_version=\u00bb4.8.2&#8243; background_color=\u00bb#fafafa\u00bb custom_padding=\u00bb100px|0px|54px|0px|false|false\u00bb top_divider_style=\u00bbwave\u00bb top_divider_color=\u00bb#15c39a\u00bb top_divider_height=\u00bb6vw\u00bb top_divider_flip=\u00bbvertical\u00bb][et_pb_row column_structure=\u00bb1_2,1_2&#8243; _builder_version=\u00bb4.8.2&#8243;][et_pb_column type=\u00bb1_2&#8243; _builder_version=\u00bb3.25&#8243; custom_padding=\u00bb|||\u00bb custom_padding__hover=\u00bb|||\u00bb][et_pb_text _builder_version=\u00bb4.9.3&#8243; text_font=\u00bb||||||||\u00bb text_line_height=\u00bb2em\u00bb header_font=\u00bb||||||||\u00bb header_2_font=\u00bbMerriweather|700|||||||\u00bb header_2_font_size=\u00bb36px\u00bb header_2_line_height=\u00bb1.6em\u00bb header_3_font=\u00bbMerriweather|700|||||||\u00bb header_3_text_color=\u00bb#ffc47c\u00bb header_3_font_size=\u00bb18px\u00bb header_3_line_height=\u00bb1.8em\u00bb header_2_font_size_tablet=\u00bb\u00bb header_2_font_size_phone=\u00bb20px\u00bb header_2_font_size_last_edited=\u00bbon|phone\u00bb header_3_font_size_tablet=\u00bb\u00bb header_3_font_size_phone=\u00bb14px\u00bb header_3_font_size_last_edited=\u00bbon|phone\u00bb locked=\u00bboff\u00bb]<\/p>\n<h2>Equipo profesional<\/h2>\n<h3>Personas para cuidar personas.<\/h3>\n<p>Tras nuestra trayectoria desde el a\u00f1o 1999 que empez\u00f3 nuestra andadura en los cuidados a nuestros mayores, contamos con un gran equipo de personas implicadas en su trabajo, tratamos de seleccionar al mejor personal, aquellos que destaquen fundamentalmente por una excelente CALIDAD en su formaci\u00f3n y por una importante CALIDEZ humana. Desde nuestro centro estamos muy concienciados en que el MAYOR, es nuestro principal cliente, y nuestra labor va encaminada a que est\u00e9 en las mejores manos, y se sientan protegido por personas que dan lo mejor como profesional y como persona.<\/p>\n<p>[\/et_pb_text][et_pb_button button_text=\u00bbConoce nuestro equipo de profesionales\u00bb _builder_version=\u00bb4.9.3&#8243; custom_button=\u00bbon\u00bb button_text_size=\u00bb13px\u00bb button_text_color=\u00bb#ffffff\u00bb button_bg_color=\u00bb#15c39a\u00bb button_border_width=\u00bb0px\u00bb button_border_color=\u00bbrgba(0,0,0,0)\u00bb button_border_radius=\u00bb100px\u00bb button_letter_spacing=\u00bb2px\u00bb button_font=\u00bbMontserrat|500||on|||||\u00bb button_use_icon=\u00bboff\u00bb custom_padding=\u00bb16px|30px|16px|30px|true|true\u00bb box_shadow_style=\u00bbpreset1&#8243; box_shadow_vertical=\u00bb10px\u00bb box_shadow_blur=\u00bb20px\u00bb box_shadow_color=\u00bbrgba(21,195,154,0.3)\u00bb button_letter_spacing_hover=\u00bb2px\u00bb locked=\u00bboff\u00bb button_text_size__hover_enabled=\u00bboff\u00bb button_one_text_size__hover_enabled=\u00bboff\u00bb button_two_text_size__hover_enabled=\u00bboff\u00bb button_text_color__hover_enabled=\u00bboff\u00bb button_one_text_color__hover_enabled=\u00bboff\u00bb button_two_text_color__hover_enabled=\u00bboff\u00bb button_border_width__hover_enabled=\u00bboff\u00bb button_one_border_width__hover_enabled=\u00bboff\u00bb button_two_border_width__hover_enabled=\u00bboff\u00bb button_border_color__hover_enabled=\u00bboff\u00bb button_one_border_color__hover_enabled=\u00bboff\u00bb button_two_border_color__hover_enabled=\u00bboff\u00bb button_border_radius__hover_enabled=\u00bboff\u00bb button_one_border_radius__hover_enabled=\u00bboff\u00bb button_two_border_radius__hover_enabled=\u00bboff\u00bb button_letter_spacing__hover_enabled=\u00bbon\u00bb button_letter_spacing__hover=\u00bb2px\u00bb button_one_letter_spacing__hover_enabled=\u00bboff\u00bb button_two_letter_spacing__hover_enabled=\u00bboff\u00bb button_bg_color__hover_enabled=\u00bboff\u00bb button_one_bg_color__hover_enabled=\u00bboff\u00bb button_two_bg_color__hover_enabled=\u00bboff\u00bb][\/et_pb_button][\/et_pb_column][et_pb_column type=\u00bb1_2&#8243; _builder_version=\u00bb3.25&#8243; custom_padding=\u00bb|||\u00bb custom_padding__hover=\u00bb|||\u00bb][et_pb_image src=\u00bbhttp:\/\/madrid2.com\/residencia\/wp-content\/uploads\/2021\/04\/NS_Gracia_Grupo_.jpg\u00bb align=\u00bbcenter\u00bb align_tablet=\u00bbcenter\u00bb align_phone=\u00bb\u00bb align_last_edited=\u00bbon|desktop\u00bb _builder_version=\u00bb4.9.3&#8243; background_image=\u00bbhttp:\/\/madrid2.com\/residencia\/wp-content\/uploads\/2021\/02\/nutritionist-02.png\u00bb background_size=\u00bbcontain\u00bb animation_style=\u00bbzoom\u00bb animation_intensity_zoom=\u00bb10%\u00bb border_radii=\u00bbon|1000px|1000px|1000px|1000px\u00bb box_shadow_style=\u00bbpreset1&#8243; box_shadow_vertical=\u00bb10px\u00bb box_shadow_blur=\u00bb60px\u00bb box_shadow_color=\u00bbrgba(1,33,92,0.1)\u00bb animation=\u00bbtop\u00bb title_text=\u00bbNS_Gracia_Grupo_\u00bb][\/et_pb_image][\/et_pb_column][\/et_pb_row][et_pb_row column_structure=\u00bb1_3,1_3,1_3&#8243; _builder_version=\u00bb3.25&#8243;][et_pb_column type=\u00bb1_3&#8243; _builder_version=\u00bb3.25&#8243; custom_padding=\u00bb|||\u00bb custom_padding__hover=\u00bb|||\u00bb][et_pb_blurb title=\u00bbEquipo sanitario\u00bb image_max_width=\u00bb80px\u00bb _builder_version=\u00bb4.8.2&#8243; header_font=\u00bbMerriweather|700|||||||\u00bb header_line_height=\u00bb1.8em\u00bb body_font=\u00bb||||||||\u00bb body_font_size=\u00bb13px\u00bb body_line_height=\u00bb2em\u00bb background_color=\u00bb#ffffff\u00bb text_orientation=\u00bbcenter\u00bb custom_padding=\u00bb30px|30px|30px|30px|true|true\u00bb animation_style=\u00bbzoom\u00bb animation_intensity_zoom=\u00bb10%\u00bb border_radii=\u00bbon|10px|10px|10px|10px\u00bb border_radii_image=\u00bbon|100px|100px|100px|100px\u00bb box_shadow_style=\u00bbpreset1&#8243; box_shadow_vertical=\u00bb10px\u00bb box_shadow_blur=\u00bb60px\u00bb box_shadow_color=\u00bbrgba(1,33,92,0.1)\u00bb box_shadow_style_image=\u00bbpreset1&#8243; box_shadow_vertical_image=\u00bb10px\u00bb box_shadow_blur_image=\u00bb40px\u00bb box_shadow_spread_image=\u00bb-10px\u00bb box_shadow_color_image=\u00bbrgba(91,110,115,0.1)\u00bb locked=\u00bboff\u00bb]Donec sollicitudin molestie malesuada. Quisque velit nisi, pretium ut lacinia in, elementum id enim. Vestibulum ac diam sit amet quam vehicula sed sit amet dui. Vestibulum ante ipsum primis in faucibus orci luctus et ultrices posuere cubilia Curae; Donec velit neque, auctor sit amet aliquam vel, ullamcorper sit amet ligula.<br \/>\n[\/et_pb_blurb][\/et_pb_column][et_pb_column type=\u00bb1_3&#8243; _builder_version=\u00bb3.25&#8243; custom_padding=\u00bb|||\u00bb custom_padding__hover=\u00bb|||\u00bb][et_pb_blurb title=\u00bbEquipo de cocina\u00bb image_max_width=\u00bb80px\u00bb _builder_version=\u00bb4.9.3&#8243; header_font=\u00bbMerriweather|700|||||||\u00bb header_line_height=\u00bb1.8em\u00bb body_font=\u00bb||||||||\u00bb body_font_size=\u00bb13px\u00bb body_line_height=\u00bb2em\u00bb background_color=\u00bb#ffffff\u00bb text_orientation=\u00bbcenter\u00bb custom_padding=\u00bb30px|30px|30px|30px|true|true\u00bb animation_style=\u00bbzoom\u00bb animation_intensity_zoom=\u00bb10%\u00bb border_radii=\u00bbon|10px|10px|10px|10px\u00bb border_radii_image=\u00bbon|100px|100px|100px|100px\u00bb box_shadow_style=\u00bbpreset1&#8243; box_shadow_vertical=\u00bb10px\u00bb box_shadow_blur=\u00bb60px\u00bb box_shadow_color=\u00bbrgba(1,33,92,0.1)\u00bb box_shadow_style_image=\u00bbpreset1&#8243; box_shadow_vertical_image=\u00bb10px\u00bb box_shadow_blur_image=\u00bb40px\u00bb box_shadow_spread_image=\u00bb-10px\u00bb box_shadow_color_image=\u00bbrgba(91,110,115,0.1)\u00bb locked=\u00bboff\u00bb]<\/p>\n<p>Donec sollicitudin molestie malesuada. Quisque velit nisi, pretium ut lacinia in, elementum id enim. Vestibulum ac diam sit amet quam vehicula sed sit amet dui. Vestibulum ante ipsum primis in faucibus orci luctus et ultrices posuere cubilia Curae; Donec velit neque, auctor sit amet aliquam vel, ullamcorper sit amet ligula.<\/p>\n<p>[\/et_pb_blurb][\/et_pb_column][et_pb_column type=\u00bb1_3&#8243; _builder_version=\u00bb3.25&#8243; custom_padding=\u00bb|||\u00bb custom_padding__hover=\u00bb|||\u00bb][et_pb_blurb title=\u00bbPersonal de asistencia\u00bb image_max_width=\u00bb80px\u00bb _builder_version=\u00bb4.8.2&#8243; header_font=\u00bbMerriweather|700|||||||\u00bb header_line_height=\u00bb1.8em\u00bb body_font=\u00bb||||||||\u00bb body_font_size=\u00bb13px\u00bb body_line_height=\u00bb2em\u00bb background_color=\u00bb#ffffff\u00bb text_orientation=\u00bbcenter\u00bb custom_padding=\u00bb30px|30px|30px|30px|true|true\u00bb animation_style=\u00bbzoom\u00bb animation_intensity_zoom=\u00bb10%\u00bb border_radii=\u00bbon|10px|10px|10px|10px\u00bb border_radii_image=\u00bbon|100px|100px|100px|100px\u00bb box_shadow_style=\u00bbpreset1&#8243; box_shadow_vertical=\u00bb10px\u00bb box_shadow_blur=\u00bb60px\u00bb box_shadow_color=\u00bbrgba(1,33,92,0.1)\u00bb box_shadow_style_image=\u00bbpreset1&#8243; box_shadow_vertical_image=\u00bb10px\u00bb box_shadow_blur_image=\u00bb40px\u00bb box_shadow_spread_image=\u00bb-10px\u00bb box_shadow_color_image=\u00bbrgba(91,110,115,0.1)\u00bb locked=\u00bboff\u00bb]Donec sollicitudin molestie malesuada. Quisque velit nisi, pretium ut lacinia in, elementum id enim. Vestibulum ac diam sit amet quam vehicula sed sit amet dui. Vestibulum ante ipsum primis in faucibus orci luctus et ultrices posuere cubilia Curae; Donec velit neque, auctor sit amet aliquam vel, ullamcorper sit amet ligula.<br \/>\n[\/et_pb_blurb][\/et_pb_column][\/et_pb_row][\/et_pb_section][et_pb_section fb_built=\u00bb1&#8243; admin_label=\u00bbBlog\u00bb _builder_version=\u00bb4.8.2&#8243; background_enable_image=\u00bboff\u00bb background_size=\u00bbcontain\u00bb background_position=\u00bbtop_right\u00bb custom_margin=\u00bb0px||||false|false\u00bb custom_padding=\u00bb0px||||false|false\u00bb][et_pb_row _builder_version=\u00bb3.25&#8243;][et_pb_column type=\u00bb4_4&#8243; _builder_version=\u00bb3.25&#8243; custom_padding=\u00bb|||\u00bb custom_padding__hover=\u00bb|||\u00bb][et_pb_text _builder_version=\u00bb4.8.2&#8243; text_font=\u00bb||||||||\u00bb text_line_height=\u00bb2em\u00bb header_font=\u00bb||||||||\u00bb header_2_font=\u00bbMerriweather|700|||||||\u00bb header_2_font_size=\u00bb36px\u00bb header_2_line_height=\u00bb1.6em\u00bb header_3_font=\u00bbMerriweather|700|||||||\u00bb header_3_text_color=\u00bb#ffc47c\u00bb header_3_font_size=\u00bb18px\u00bb header_3_line_height=\u00bb1.8em\u00bb text_orientation=\u00bbcenter\u00bb header_2_font_size_tablet=\u00bb\u00bb header_2_font_size_phone=\u00bb20px\u00bb header_2_font_size_last_edited=\u00bbon|phone\u00bb header_3_font_size_tablet=\u00bb\u00bb header_3_font_size_phone=\u00bb14px\u00bb header_3_font_size_last_edited=\u00bbon|phone\u00bb locked=\u00bboff\u00bb]<\/p>\n<h2>Nuestro d\u00eda a d\u00eda<\/h2>\n<h3>Im\u00e1genes que muestran nuestra actividad<\/h3>\n<p>[\/et_pb_text][et_pb_blog fullwidth=\u00bboff\u00bb posts_number=\u00bb4&#8243; use_manual_excerpt=\u00bboff\u00bb show_author=\u00bboff\u00bb show_categories=\u00bboff\u00bb show_pagination=\u00bboff\u00bb _builder_version=\u00bb4.8.2&#8243; header_font=\u00bbMerriweather|700|||||||\u00bb header_line_height=\u00bb1.8em\u00bb body_line_height=\u00bb2em\u00bb meta_font=\u00bbMerriweather|700|||||||\u00bb meta_text_color=\u00bb#15c39a\u00bb meta_font_size=\u00bb13px\u00bb animation_style=\u00bbzoom\u00bb animation_intensity_zoom=\u00bb10%\u00bb border_radii=\u00bbon|10px|10px|10px|10px\u00bb border_width_all=\u00bb0px\u00bb box_shadow_style=\u00bbpreset1&#8243; box_shadow_vertical=\u00bb10px\u00bb box_shadow_blur=\u00bb60px\u00bb box_shadow_color=\u00bbrgba(1,33,92,0.1)\u00bb][\/et_pb_blog][\/et_pb_column][\/et_pb_row][\/et_pb_section][et_pb_section fb_built=\u00bb1&#8243; prev_background_color=\u00bb#ffffff\u00bb admin_label=\u00bbResources\u00bb _builder_version=\u00bb4.9.3&#8243; background_color=\u00bb#34545a\u00bb max_height=\u00bb10px\u00bb custom_margin=\u00bb|||\u00bb custom_padding=\u00bb31px|0px||0px|false|false\u00bb top_divider_style=\u00bbcurve\u00bb top_divider_height=\u00bb6vw\u00bb top_divider_flip=\u00bbvertical\u00bb bottom_divider_height=\u00bb6vw\u00bb][\/et_pb_section]<\/p>\n","protected":false},"excerpt":{"rendered":"<p>[et_pb_section fb_built=\u00bb1&#8243; next_background_color=\u00bb#ffffff\u00bb admin_label=\u00bbHeader\u00bb _builder_version=\u00bb4.9.3&#8243; background_color=\u00bb#34545a\u00bb background_image=\u00bbhttp:\/\/madrid2.com\/residencia\/wp-content\/uploads\/2021\/02\/Foto-1-Vista-Residencia.jpg\u00bb parallax=\u00bbon\u00bb custom_margin=\u00bb||||false\u00bb custom_padding=\u00bb10vw||10vw||true|false\u00bb bottom_divider_style=\u00bbcurve\u00bb bottom_divider_height=\u00bb3vw\u00bb][et_pb_row _builder_version=\u00bb4.8.2&#8243; background_color=\u00bbrgba(0,0,0,0.51)\u00bb background_enable_image=\u00bboff\u00bb background_size=\u00bbcontain\u00bb animation_style=\u00bbzoom\u00bb animation_intensity_zoom=\u00bb10%\u00bb border_radii=\u00bbon|15px|15px|15px|15px\u00bb][et_pb_column type=\u00bb4_4&#8243; _builder_version=\u00bb3.25&#8243; custom_padding=\u00bb|||\u00bb custom_padding__hover=\u00bb|||\u00bb][et_pb_image align=\u00bbcenter\u00bb align_tablet=\u00bbcenter\u00bb align_phone=\u00bb\u00bb align_last_edited=\u00bbon|desktop\u00bb _builder_version=\u00bb4.8.2&#8243; max_width=\u00bb250px\u00bb animation_style=\u00bbslide\u00bb animation_direction=\u00bbbottom\u00bb][\/et_pb_image][et_pb_text _builder_version=\u00bb4.9.3&#8243; text_font=\u00bb||||||||\u00bb header_font=\u00bbMontserrat|500||on|||||\u00bb header_font_size=\u00bb18px\u00bb header_letter_spacing=\u00bb5px\u00bb header_line_height=\u00bb1.5em\u00bb header_2_font=\u00bbMerriweather|||on|||||\u00bb header_2_font_size=\u00bb50px\u00bb header_2_letter_spacing=\u00bb5px\u00bb header_2_line_height=\u00bb1.4em\u00bb text_orientation=\u00bbcenter\u00bb background_layout=\u00bbdark\u00bb header_font_size_tablet=\u00bb\u00bb header_font_size_phone=\u00bb12px\u00bb header_font_size_last_edited=\u00bbon|desktop\u00bb header_2_font_size_tablet=\u00bb50px\u00bb header_2_font_size_phone=\u00bb30px\u00bb header_2_font_size_last_edited=\u00bbon|desktop\u00bb] Residencia de ancianos Nuestra Se\u00f1ora de [&hellip;]<\/p>\n","protected":false},"author":1,"featured_media":0,"parent":0,"menu_order":0,"comment_status":"closed","ping_status":"closed","template":"","meta":{"_et_pb_use_builder":"on","_et_pb_old_content":"","_et_gb_content_width":"","footnotes":""},"class_list":["post-8744","page","type-page","status-publish","hentry"],"_links":{"self":[{"href":"http:\/\/madrid2.com\/residencia\/wp-json\/wp\/v2\/pages\/8744","targetHints":{"allow":["GET"]}}],"collection":[{"href":"http:\/\/madrid2.com\/residencia\/wp-json\/wp\/v2\/pages"}],"about":[{"href":"http:\/\/madrid2.com\/residencia\/wp-json\/wp\/v2\/types\/page"}],"author":[{"embeddable":true,"href":"http:\/\/madrid2.com\/residencia\/wp-json\/wp\/v2\/users\/1"}],"replies":[{"embeddable":true,"href":"http:\/\/madrid2.com\/residencia\/wp-json\/wp\/v2\/comments?post=8744"}],"version-history":[{"count":40,"href":"http:\/\/madrid2.com\/residencia\/wp-json\/wp\/v2\/pages\/8744\/revisions"}],"predecessor-version":[{"id":9087,"href":"http:\/\/madrid2.com\/residencia\/wp-json\/wp\/v2\/pages\/8744\/revisions\/9087"}],"wp:attachment":[{"href":"http:\/\/madrid2.com\/residencia\/wp-json\/wp\/v2\/media?parent=8744"}],"curies":[{"name":"wp","href":"https:\/\/api.w.org\/{rel}","templated":true}]}}