{"id":8789,"date":"2021-02-10T08:21:33","date_gmt":"2021-02-10T08:21:33","guid":{"rendered":"http:\/\/madrid2.com\/residencia\/?page_id=8789"},"modified":"2021-05-14T06:00:11","modified_gmt":"2021-05-14T06:00:11","slug":"modelo-asistencial","status":"publish","type":"page","link":"http:\/\/madrid2.com\/residencia\/modelo-asistencial\/","title":{"rendered":"Modelo asistencial"},"content":{"rendered":"<p>[et_pb_section fb_built=\u00bb1&#8243; admin_label=\u00bbHeader\u00bb _builder_version=\u00bb4.8.2&#8243; custom_margin=\u00bb||0px||false|false\u00bb custom_padding=\u00bb||0px||false|false\u00bb][et_pb_row column_structure=\u00bb1_2,1_2&#8243; _builder_version=\u00bb3.25&#8243; background_size=\u00bbcontain\u00bb animation_style=\u00bbzoom\u00bb animation_intensity_zoom=\u00bb10%\u00bb][et_pb_column type=\u00bb1_2&#8243; _builder_version=\u00bb3.25&#8243; custom_padding=\u00bb80px|||\u00bb custom_padding_tablet=\u00bb0px|||\u00bb custom_padding_phone=\u00bb\u00bb custom_padding_last_edited=\u00bbon|tablet\u00bb custom_padding__hover=\u00bb|||\u00bb][et_pb_text _builder_version=\u00bb4.8.2&#8243; text_font=\u00bb||||||||\u00bb ul_font=\u00bb||||||||\u00bb ol_font=\u00bb||||||||\u00bb header_font=\u00bbMontserrat|500||on|||||\u00bb header_font_size=\u00bb18px\u00bb header_letter_spacing=\u00bb5px\u00bb header_line_height=\u00bb1.5em\u00bb header_2_font=\u00bbMerriweather|700|||||||\u00bb header_2_font_size=\u00bb60px\u00bb header_2_line_height=\u00bb1.4em\u00bb header_3_font=\u00bb||||||||\u00bb header_4_font=\u00bb||||||||\u00bb header_5_font=\u00bb||||||||\u00bb header_6_font=\u00bb||||||||\u00bb header_font_size_tablet=\u00bb\u00bb header_font_size_phone=\u00bb12px\u00bb header_font_size_last_edited=\u00bbon|desktop\u00bb header_2_font_size_tablet=\u00bb50px\u00bb header_2_font_size_phone=\u00bb30px\u00bb header_2_font_size_last_edited=\u00bbon|desktop\u00bb]<\/p>\n<h2>Modelo Asistencial<\/h2>\n<h1><span>Puntos principales<\/span><\/h1>\n<p><span>Calidad en la acogida y adaptaci\u00f3n al centro. Comunicaci\u00f3n y coordinaci\u00f3n con las familias. Modelo de atenci\u00f3n centrado en la persona. Cuidados personalizados e individuales. Equipo multidisciplinar que potencie la calidad de vida de las personas.<\/span><\/p>\n<p>[\/et_pb_text][\/et_pb_column][et_pb_column type=\u00bb1_2&#8243; _builder_version=\u00bb3.25&#8243; custom_padding=\u00bb|||\u00bb custom_padding__hover=\u00bb|||\u00bb][et_pb_image src=\u00bbhttp:\/\/madrid2.com\/residencia\/wp-content\/uploads\/2021\/02\/IMG_5643-e1612947068623.jpg\u00bb title_text=\u00bbIMG_5643&#8243; align_tablet=\u00bbcenter\u00bb align_phone=\u00bb\u00bb align_last_edited=\u00bbon|desktop\u00bb _builder_version=\u00bb4.8.2&#8243; border_radii=\u00bbon|10px|10px|10px|10px\u00bb][\/et_pb_image][\/et_pb_column][\/et_pb_row][\/et_pb_section][et_pb_section fb_built=\u00bb1&#8243; prev_background_color=\u00bb#ffffff\u00bb admin_label=\u00bbServices\u00bb _builder_version=\u00bb4.8.2&#8243; background_color=\u00bb#437a88&#8243; use_background_color_gradient=\u00bbon\u00bb background_color_gradient_start=\u00bb#437a88&#8243; background_color_gradient_end=\u00bbrgba(67,122,136,0.6)\u00bb background_image=\u00bbhttp:\/\/madrid2.com\/residencia\/wp-content\/uploads\/2021\/02\/residencia-ntra-sra-de-graciasala-de-espera.jpg\u00bb background_position=\u00bbbottom_right\u00bb background_blend=\u00bbmultiply\u00bb custom_padding=\u00bb10vw||100px||false|false\u00bb top_divider_style=\u00bbwave\u00bb top_divider_height=\u00bb10vw\u00bb top_divider_repeat=\u00bb0.75x\u00bb bottom_divider_style=\u00bbwave2&#8243; bottom_divider_color=\u00bb#FFFFFF\u00bb bottom_divider_height=\u00bb10vw\u00bb bottom_divider_repeat=\u00bb0.75x\u00bb][et_pb_row column_structure=\u00bb1_2,1_2&#8243; _builder_version=\u00bb4.9.3&#8243; background_color=\u00bb#FFFFFF\u00bb custom_padding=\u00bb25px|25px|25px|25px|false|false\u00bb animation_style=\u00bbfade\u00bb border_radii=\u00bbon|10px|10px|10px|10px\u00bb box_shadow_style=\u00bbpreset1&#8243; box_shadow_vertical=\u00bb13px\u00bb][et_pb_column type=\u00bb1_2&#8243; _builder_version=\u00bb3.25&#8243; custom_padding=\u00bb|||\u00bb custom_padding__hover=\u00bb|||\u00bb][et_pb_image src=\u00bbhttp:\/\/madrid2.com\/residencia\/wp-content\/uploads\/2021\/02\/Foto-6-Salon-Recepcion.jpg\u00bb title_text=\u00bbSal\u00f3n Recepci\u00f3n\u00bb align=\u00bbcenter\u00bb align_tablet=\u00bbcenter\u00bb align_phone=\u00bb\u00bb align_last_edited=\u00bbon|desktop\u00bb _builder_version=\u00bb4.8.2&#8243; animation_style=\u00bbfade\u00bb border_radii=\u00bbon|5px|5px|5px|5px\u00bb][\/et_pb_image][\/et_pb_column][et_pb_column type=\u00bb1_2&#8243; _builder_version=\u00bb3.25&#8243; custom_padding=\u00bb|||\u00bb custom_padding__hover=\u00bb|||\u00bb][et_pb_text _builder_version=\u00bb4.8.2&#8243; text_font=\u00bb||||||||\u00bb text_line_height=\u00bb1.4em\u00bb header_font=\u00bb||||||||\u00bb header_3_font=\u00bbMerriweather|700|||||||\u00bb header_3_font_size=\u00bb26px\u00bb header_3_line_height=\u00bb1.6em\u00bb header_3_font_size_tablet=\u00bb\u00bb header_3_font_size_phone=\u00bb20px\u00bb header_3_font_size_last_edited=\u00bbon|phone\u00bb locked=\u00bboff\u00bb]<\/p>\n<h3><span>CALIDAD EN LA ACOGIDA Y ADAPTACI\u00d3N AL CENTRO<\/span><\/h3>\n<p><span>Todos los profesionales de la Residencia hacemos especial hincapi\u00e9 en los primeros momentos de la estancia del Residente en nuestro centro. Al ingreso, con la colaboraci\u00f3n del Residente, redactamos su Historia de Vida. Para nosotros es muy importante este documento, ya que a trav\u00e9s de \u00e9l, se planifica y se lleva a cabo la intervenci\u00f3n que va a recibir cada persona en nuestro centro. Es decir, busca atender las necesidades de la persona como ser \u00fanico y apoyar su proyecto de vida. Adem\u00e1s, se va construyendo de forma continua en un proceso de comunicaci\u00f3n con el Residente.<\/span><\/p>\n<p>[\/et_pb_text][\/et_pb_column][\/et_pb_row][\/et_pb_section][et_pb_section fb_built=\u00bb1&#8243; admin_label=\u00bbServices\u00bb _builder_version=\u00bb4.8.2&#8243; background_color=\u00bb#437a88&#8243; use_background_color_gradient=\u00bbon\u00bb background_color_gradient_start=\u00bb#437a88&#8243; background_color_gradient_end=\u00bbrgba(67,122,136,0.6)\u00bb background_image=\u00bbhttp:\/\/madrid2.com\/residencia\/wp-content\/uploads\/2021\/02\/Foto-8-Hall-Planta-1a.jpg\u00bb background_position=\u00bbbottom_right\u00bb background_blend=\u00bbmultiply\u00bb custom_padding=\u00bb10vw||100px||false|false\u00bb top_divider_style=\u00bbwave\u00bb top_divider_color=\u00bb#FFFFFF\u00bb top_divider_height=\u00bb10vw\u00bb top_divider_repeat=\u00bb0.75x\u00bb bottom_divider_style=\u00bbwave2&#8243; bottom_divider_color=\u00bb#FFFFFF\u00bb][et_pb_row column_structure=\u00bb1_2,1_2&#8243; _builder_version=\u00bb4.9.3&#8243; background_color=\u00bb#FFFFFF\u00bb custom_padding=\u00bb25px|25px|25px|25px|false|false\u00bb animation_style=\u00bbfade\u00bb border_radii=\u00bbon|10px|10px|10px|10px\u00bb box_shadow_style=\u00bbpreset1&#8243; box_shadow_vertical=\u00bb12px\u00bb][et_pb_column type=\u00bb1_2&#8243; _builder_version=\u00bb3.25&#8243; custom_padding=\u00bb|||\u00bb custom_padding__hover=\u00bb|||\u00bb][et_pb_text _builder_version=\u00bb4.8.2&#8243; text_font=\u00bb||||||||\u00bb text_line_height=\u00bb1.6em\u00bb header_font=\u00bb||||||||\u00bb header_3_font=\u00bbMerriweather|700|||||||\u00bb header_3_font_size=\u00bb26px\u00bb header_3_line_height=\u00bb1.6em\u00bb header_3_font_size_tablet=\u00bb\u00bb header_3_font_size_phone=\u00bb20px\u00bb header_3_font_size_last_edited=\u00bbon|phone\u00bb locked=\u00bboff\u00bb]<\/p>\n<h3><span>COMUNICACI\u00d3N Y COORDINACI\u00d3N CON LAS FAMILIAS<\/span><\/h3>\n<p><span>Las familias son un aspecto esencial en nuestra Residencia. La colaboraci\u00f3n Familia-Residente es un t\u00e1ndem imprescindible en el proceso asistencial. La cooperaci\u00f3n en los cuidados y el v\u00ednculo en la continuidad de la historia de vida de la persona, no tienen sentido sin la colaboraci\u00f3n de los familiares. Creemos que para los Residentes, mantener los v\u00ednculos con su familia y amigos y continuar con las actividades y h\u00e1bitos que ten\u00eda con ellos, es imprescindible desde nuestro modelo asistencial. A las familias se les informa sobre los valores y la organizaci\u00f3n del centro en el momento de ingreso. Adem\u00e1s, se les da a conocer los servicios que disponemos, y que ellos tambi\u00e9n pueden utilizar. A los familiares tambi\u00e9n se les da a conocer al personal del centro y al personal de referencia del Residente. De forma general, se configura un sistema de comunicaci\u00f3n con la familia, que garantiza el seguimiento continuado de la persona en nuestro centro.<\/span><\/p>\n<p>[\/et_pb_text][\/et_pb_column][et_pb_column type=\u00bb1_2&#8243; _builder_version=\u00bb3.25&#8243; custom_padding=\u00bb|||\u00bb custom_padding__hover=\u00bb|||\u00bb][et_pb_image src=\u00bbhttp:\/\/madrid2.com\/residencia\/wp-content\/uploads\/2021\/02\/Foto-2-Fachada.jpg\u00bb title_text=\u00bbFachada\u00bb align=\u00bbcenter\u00bb align_tablet=\u00bbcenter\u00bb align_phone=\u00bb\u00bb align_last_edited=\u00bbon|desktop\u00bb _builder_version=\u00bb4.8.2&#8243; animation_style=\u00bbfade\u00bb border_radii=\u00bbon|5px|5px|5px|5px\u00bb][\/et_pb_image][et_pb_image src=\u00bbhttp:\/\/madrid2.com\/residencia\/wp-content\/uploads\/2021\/02\/residencia-ntra-sra-de-graciasala-de-espera.jpg\u00bb title_text=\u00bbsala de espera\u00bb align=\u00bbcenter\u00bb align_tablet=\u00bbcenter\u00bb align_phone=\u00bb\u00bb align_last_edited=\u00bbon|desktop\u00bb _builder_version=\u00bb4.8.2&#8243; animation_style=\u00bbfade\u00bb border_radii=\u00bbon|5px|5px|5px|5px\u00bb][\/et_pb_image][\/et_pb_column][\/et_pb_row][\/et_pb_section][et_pb_section fb_built=\u00bb1&#8243; admin_label=\u00bbServices\u00bb _builder_version=\u00bb4.8.2&#8243; background_color=\u00bb#437a88&#8243; use_background_color_gradient=\u00bbon\u00bb background_color_gradient_start=\u00bb#437a88&#8243; background_color_gradient_end=\u00bbrgba(67,122,136,0.6)\u00bb background_image=\u00bbhttp:\/\/madrid2.com\/residencia\/wp-content\/uploads\/2021\/02\/residencia-ntra-sra-de-gracia-slider_02.jpg\u00bb background_position=\u00bbbottom_right\u00bb background_blend=\u00bbmultiply\u00bb custom_padding=\u00bb10vw||100px||false|false\u00bb top_divider_style=\u00bbwave\u00bb top_divider_color=\u00bb#FFFFFF\u00bb top_divider_height=\u00bb10vw\u00bb top_divider_repeat=\u00bb0.75x\u00bb bottom_divider_style=\u00bbwave2&#8243; bottom_divider_color=\u00bb#FFFFFF\u00bb][et_pb_row column_structure=\u00bb1_2,1_2&#8243; _builder_version=\u00bb4.9.3&#8243; background_color=\u00bb#FFFFFF\u00bb custom_padding=\u00bb25px|25px|25px|25px|false|false\u00bb animation_style=\u00bbfade\u00bb border_radii=\u00bbon|10px|10px|10px|10px\u00bb box_shadow_style=\u00bbpreset1&#8243;][et_pb_column type=\u00bb1_2&#8243; _builder_version=\u00bb3.25&#8243; custom_padding=\u00bb|||\u00bb custom_padding__hover=\u00bb|||\u00bb][et_pb_image src=\u00bbhttp:\/\/madrid2.com\/residencia\/wp-content\/uploads\/2021\/04\/NS_Gracia_Grupo_.jpg\u00bb title_text=\u00bbNS_Gracia_Grupo_\u00bb align=\u00bbcenter\u00bb _builder_version=\u00bb4.9.3&#8243; _module_preset=\u00bbdefault\u00bb hover_enabled=\u00bb0&#8243; border_radii=\u00bbon|5px|5px|5px|5px\u00bb sticky_enabled=\u00bb0&#8243;][\/et_pb_image][\/et_pb_column][et_pb_column type=\u00bb1_2&#8243; _builder_version=\u00bb3.25&#8243; custom_padding=\u00bb|||\u00bb custom_padding__hover=\u00bb|||\u00bb][et_pb_text _builder_version=\u00bb4.8.2&#8243; text_font=\u00bb||||||||\u00bb text_line_height=\u00bb1.4em\u00bb header_font=\u00bb||||||||\u00bb header_3_font=\u00bbMerriweather|700|||||||\u00bb header_3_font_size=\u00bb26px\u00bb header_3_line_height=\u00bb1.6em\u00bb header_3_font_size_tablet=\u00bb\u00bb header_3_font_size_phone=\u00bb20px\u00bb header_3_font_size_last_edited=\u00bbon|phone\u00bb locked=\u00bboff\u00bb]<\/p>\n<h3><span>MODELO DE ATENCI\u00d3N CENTRADO EN LA PERSONA<\/span><\/h3>\n<p><span>Este modelo es el eje principal de nuestras intervenciones. Todos nuestros profesionales lo conocen y act\u00faan bajo su criterio. Este modelo es una propuesta para la vida dentro de la atenci\u00f3n de los profesionales. En nuestro centro, se favorece la mejora en la calidad de vida de la persona. Por tanto, no s\u00f3lo es un modelo de atenci\u00f3n al Residente, sino que tambi\u00e9n los profesionales se comprometen a la buena praxis de forma diaria. Cada persona es \u00fanica y toma sus propias decisiones sobre su forma de vivir. Por eso, nos merecemos que se nos atienda de forma personalizada, acorde con nuestros principios y nuestras decisiones. En la Residencia, implementamos este modelo de forma diaria.<\/span><\/p>\n<p>[\/et_pb_text][\/et_pb_column][\/et_pb_row][\/et_pb_section][et_pb_section fb_built=\u00bb1&#8243; admin_label=\u00bbServices\u00bb _builder_version=\u00bb4.9.3&#8243; background_color=\u00bb#437a88&#8243; use_background_color_gradient=\u00bbon\u00bb background_color_gradient_start=\u00bb#437a88&#8243; background_color_gradient_end=\u00bbrgba(67,122,136,0.6)\u00bb background_image=\u00bbhttp:\/\/madrid2.com\/residencia\/wp-content\/uploads\/2021\/04\/fisioterapia_residencia_ajofrin.jpg\u00bb background_position=\u00bbbottom_right\u00bb background_blend=\u00bbmultiply\u00bb custom_padding=\u00bb10vw||100px||false|false\u00bb top_divider_style=\u00bbwave\u00bb top_divider_color=\u00bb#FFFFFF\u00bb top_divider_height=\u00bb10vw\u00bb top_divider_repeat=\u00bb0.75x\u00bb bottom_divider_style=\u00bbwave2&#8243; bottom_divider_color=\u00bb#FFFFFF\u00bb][et_pb_row column_structure=\u00bb1_2,1_2&#8243; _builder_version=\u00bb4.9.3&#8243; background_color=\u00bb#FFFFFF\u00bb custom_padding=\u00bb25px|25px|25px|25px|false|false\u00bb animation_style=\u00bbfade\u00bb border_radii=\u00bbon|10px|10px|10px|10px\u00bb box_shadow_style=\u00bbpreset1&#8243; box_shadow_vertical=\u00bb12px\u00bb][et_pb_column type=\u00bb1_2&#8243; _builder_version=\u00bb3.25&#8243; custom_padding=\u00bb|||\u00bb custom_padding__hover=\u00bb|||\u00bb][et_pb_text _builder_version=\u00bb4.8.2&#8243; text_font=\u00bb||||||||\u00bb header_font=\u00bb||||||||\u00bb header_3_font=\u00bbMerriweather|700|||||||\u00bb header_3_font_size=\u00bb26px\u00bb header_3_line_height=\u00bb1.6em\u00bb header_3_font_size_tablet=\u00bb\u00bb header_3_font_size_phone=\u00bb20px\u00bb header_3_font_size_last_edited=\u00bbon|phone\u00bb locked=\u00bboff\u00bb]<\/p>\n<h3><span>CUIDADOS PERSONALIZADOS E INDIVIDUALES<\/span><\/h3>\n<p><span>El trato personal es una clave en nuestra Residencia. Cada persona es \u00fanica y tiene sus deseos y necesidades.  El trato con respeto humano es una m\u00e1xima en nuestra asistencia diaria. Ello incluye una atenci\u00f3n amable, respeto a sus costumbres, protecci\u00f3n de su intimidad, trato adulto\u2026 Desde el Modelo de Atenci\u00f3n Centrado en la Persona, no son los profesionales los que decidimos c\u00f3mo actuar, las decisiones se toman entre el Residente, o familia, y los profesionales del centro, incluso, cuando las personas tienen deterioro cognitivo.<\/span>[\/et_pb_text][\/et_pb_column][et_pb_column type=\u00bb1_2&#8243; _builder_version=\u00bb3.25&#8243; custom_padding=\u00bb|||\u00bb custom_padding__hover=\u00bb|||\u00bb][et_pb_image src=\u00bbhttp:\/\/madrid2.com\/residencia\/wp-content\/uploads\/2021\/04\/instalaciones_residencia_ajofrin.jpg\u00bb title_text=\u00bbinstalaciones_residencia_ajofrin\u00bb align=\u00bbcenter\u00bb align_tablet=\u00bbcenter\u00bb align_phone=\u00bb\u00bb align_last_edited=\u00bbon|desktop\u00bb _builder_version=\u00bb4.9.3&#8243; animation_style=\u00bbfade\u00bb border_radii=\u00bbon|5px|5px|5px|5px\u00bb][\/et_pb_image][\/et_pb_column][\/et_pb_row][\/et_pb_section][et_pb_section fb_built=\u00bb1&#8243; admin_label=\u00bbServices\u00bb _builder_version=\u00bb4.8.2&#8243; background_color=\u00bb#437a88&#8243; use_background_color_gradient=\u00bbon\u00bb background_color_gradient_start=\u00bb#437a88&#8243; background_color_gradient_end=\u00bbrgba(67,122,136,0.6)\u00bb background_image=\u00bbhttp:\/\/madrid2.com\/residencia\/wp-content\/uploads\/2021\/02\/Foto-13-Peluqueria.jpg\u00bb background_position=\u00bbbottom_right\u00bb background_blend=\u00bbmultiply\u00bb custom_padding=\u00bb10vw||100px||false|false\u00bb top_divider_style=\u00bbwave\u00bb top_divider_color=\u00bb#FFFFFF\u00bb top_divider_height=\u00bb10vw\u00bb top_divider_repeat=\u00bb0.75x\u00bb bottom_divider_style=\u00bbwave2&#8243; bottom_divider_color=\u00bb#FFFFFF\u00bb bottom_divider_height=\u00bb10vw\u00bb bottom_divider_repeat=\u00bb0.75x\u00bb][et_pb_row column_structure=\u00bb1_2,1_2&#8243; _builder_version=\u00bb4.9.3&#8243; background_color=\u00bb#FFFFFF\u00bb custom_padding=\u00bb25px|25px|25px|25px|false|false\u00bb animation_style=\u00bbfade\u00bb border_radii=\u00bbon|10px|10px|10px|10px\u00bb box_shadow_style=\u00bbpreset1&#8243; box_shadow_vertical=\u00bb13px\u00bb][et_pb_column type=\u00bb1_2&#8243; _builder_version=\u00bb3.25&#8243; custom_padding=\u00bb|||\u00bb custom_padding__hover=\u00bb|||\u00bb][et_pb_image src=\u00bbhttp:\/\/madrid2.com\/residencia\/wp-content\/uploads\/2021\/02\/Foto-13-Peluqueria.jpg\u00bb title_text=\u00bbFoto 13 &#8211; Peluquer\u00eda\u00bb align=\u00bbcenter\u00bb align_tablet=\u00bbcenter\u00bb align_phone=\u00bb\u00bb align_last_edited=\u00bbon|desktop\u00bb _builder_version=\u00bb4.8.2&#8243; animation_style=\u00bbfade\u00bb border_radii=\u00bbon|5px|5px|5px|5px\u00bb][\/et_pb_image][\/et_pb_column][et_pb_column type=\u00bb1_2&#8243; _builder_version=\u00bb3.25&#8243; custom_padding=\u00bb|||\u00bb custom_padding__hover=\u00bb|||\u00bb][et_pb_text _builder_version=\u00bb4.8.2&#8243; text_font=\u00bb||||||||\u00bb header_font=\u00bb||||||||\u00bb header_3_font=\u00bbMerriweather|700|||||||\u00bb header_3_font_size=\u00bb26px\u00bb header_3_line_height=\u00bb1.6em\u00bb header_3_font_size_tablet=\u00bb\u00bb header_3_font_size_phone=\u00bb20px\u00bb header_3_font_size_last_edited=\u00bbon|phone\u00bb locked=\u00bboff\u00bb]<\/p>\n<h3><span>EQUIPO MULTIDISCIPLINAR QUE POTENCIE LA CALIDAD DE VIDA DE LAS PERSONAS<\/span><\/h3>\n<p><span>La mejora de la calidad de vida del Residente es nuestra meta. Estamos encantados de que nuestros Residentes nos indiquen c\u00f3mo mejorarlo e intervenir en ello. Por ello, nuestros profesionales tienen capacidad de empat\u00eda y de escucha activa para conocer las decisiones e intereses de la persona. En este sentido, la comunicaci\u00f3n y el di\u00e1logo es imprescindible en el modelo asistencial de nuestro centro. Todos los profesionales conocen las historias de vida de los Residentes. La figura de los profesionales consiste en asesorar, apoyar, orientar\u2026 al Residente teniendo en cuenta lo que la persona quiere. Potenciar la autonom\u00eda y la dependencia son las metas de nuestro equipo de profesionales. <\/span><\/p>\n<p>[\/et_pb_text][\/et_pb_column][\/et_pb_row][\/et_pb_section]<\/p>\n","protected":false},"excerpt":{"rendered":"<p>[et_pb_section fb_built=\u00bb1&#8243; admin_label=\u00bbHeader\u00bb _builder_version=\u00bb4.8.2&#8243; custom_margin=\u00bb||0px||false|false\u00bb custom_padding=\u00bb||0px||false|false\u00bb][et_pb_row column_structure=\u00bb1_2,1_2&#8243; _builder_version=\u00bb3.25&#8243; background_size=\u00bbcontain\u00bb animation_style=\u00bbzoom\u00bb animation_intensity_zoom=\u00bb10%\u00bb][et_pb_column type=\u00bb1_2&#8243; _builder_version=\u00bb3.25&#8243; custom_padding=\u00bb80px|||\u00bb custom_padding_tablet=\u00bb0px|||\u00bb custom_padding_phone=\u00bb\u00bb custom_padding_last_edited=\u00bbon|tablet\u00bb custom_padding__hover=\u00bb|||\u00bb][et_pb_text _builder_version=\u00bb4.8.2&#8243; text_font=\u00bb||||||||\u00bb ul_font=\u00bb||||||||\u00bb ol_font=\u00bb||||||||\u00bb header_font=\u00bbMontserrat|500||on|||||\u00bb header_font_size=\u00bb18px\u00bb header_letter_spacing=\u00bb5px\u00bb header_line_height=\u00bb1.5em\u00bb header_2_font=\u00bbMerriweather|700|||||||\u00bb header_2_font_size=\u00bb60px\u00bb header_2_line_height=\u00bb1.4em\u00bb header_3_font=\u00bb||||||||\u00bb header_4_font=\u00bb||||||||\u00bb header_5_font=\u00bb||||||||\u00bb header_6_font=\u00bb||||||||\u00bb header_font_size_tablet=\u00bb\u00bb header_font_size_phone=\u00bb12px\u00bb header_font_size_last_edited=\u00bbon|desktop\u00bb header_2_font_size_tablet=\u00bb50px\u00bb header_2_font_size_phone=\u00bb30px\u00bb header_2_font_size_last_edited=\u00bbon|desktop\u00bb] Modelo Asistencial Puntos principales Calidad en la acogida y adaptaci\u00f3n al centro. Comunicaci\u00f3n y coordinaci\u00f3n con [&hellip;]<\/p>\n","protected":false},"author":1,"featured_media":0,"parent":0,"menu_order":0,"comment_status":"closed","ping_status":"closed","template":"","meta":{"_et_pb_use_builder":"on","_et_pb_old_content":"","_et_gb_content_width":"","footnotes":""},"class_list":["post-8789","page","type-page","status-publish","hentry"],"_links":{"self":[{"href":"http:\/\/madrid2.com\/residencia\/wp-json\/wp\/v2\/pages\/8789","targetHints":{"allow":["GET"]}}],"collection":[{"href":"http:\/\/madrid2.com\/residencia\/wp-json\/wp\/v2\/pages"}],"about":[{"href":"http:\/\/madrid2.com\/residencia\/wp-json\/wp\/v2\/types\/page"}],"author":[{"embeddable":true,"href":"http:\/\/madrid2.com\/residencia\/wp-json\/wp\/v2\/users\/1"}],"replies":[{"embeddable":true,"href":"http:\/\/madrid2.com\/residencia\/wp-json\/wp\/v2\/comments?post=8789"}],"version-history":[{"count":25,"href":"http:\/\/madrid2.com\/residencia\/wp-json\/wp\/v2\/pages\/8789\/revisions"}],"predecessor-version":[{"id":9092,"href":"http:\/\/madrid2.com\/residencia\/wp-json\/wp\/v2\/pages\/8789\/revisions\/9092"}],"wp:attachment":[{"href":"http:\/\/madrid2.com\/residencia\/wp-json\/wp\/v2\/media?parent=8789"}],"curies":[{"name":"wp","href":"https:\/\/api.w.org\/{rel}","templated":true}]}}