{"id":8954,"date":"2021-02-22T06:50:12","date_gmt":"2021-02-22T06:50:12","guid":{"rendered":"http:\/\/madrid2.com\/residencia\/?page_id=8954"},"modified":"2021-04-10T07:52:34","modified_gmt":"2021-04-10T07:52:34","slug":"servicios","status":"publish","type":"page","link":"http:\/\/madrid2.com\/residencia\/servicios\/","title":{"rendered":"Servicios"},"content":{"rendered":"<p>[et_pb_section fb_built=\u00bb1&#8243; admin_label=\u00bbHeader\u00bb _builder_version=\u00bb4.9.3&#8243; custom_margin=\u00bb0px||0px||false|false\u00bb custom_padding=\u00bb0px||0px||false|false\u00bb][et_pb_row column_structure=\u00bb1_2,1_2&#8243; _builder_version=\u00bb4.9.3&#8243; background_size=\u00bbcontain\u00bb custom_margin=\u00bb0px||||false|false\u00bb custom_padding=\u00bb0px||||false|false\u00bb animation_style=\u00bbzoom\u00bb animation_intensity_zoom=\u00bb10%\u00bb][et_pb_column type=\u00bb1_2&#8243; _builder_version=\u00bb3.25&#8243; custom_padding=\u00bb80px|||\u00bb custom_padding_tablet=\u00bb0px|||\u00bb custom_padding_phone=\u00bb\u00bb custom_padding_last_edited=\u00bbon|tablet\u00bb custom_padding__hover=\u00bb|||\u00bb][et_pb_text _builder_version=\u00bb4.8.2&#8243; text_font=\u00bb||||||||\u00bb ul_font=\u00bb||||||||\u00bb ol_font=\u00bb||||||||\u00bb header_font=\u00bbMontserrat|500||on|||||\u00bb header_font_size=\u00bb18px\u00bb header_letter_spacing=\u00bb5px\u00bb header_line_height=\u00bb1.5em\u00bb header_2_font=\u00bbMerriweather|700|||||||\u00bb header_2_font_size=\u00bb60px\u00bb header_2_line_height=\u00bb1.4em\u00bb header_3_font=\u00bb||||||||\u00bb header_4_font=\u00bb||||||||\u00bb header_5_font=\u00bb||||||||\u00bb header_6_font=\u00bb||||||||\u00bb header_font_size_tablet=\u00bb\u00bb header_font_size_phone=\u00bb12px\u00bb header_font_size_last_edited=\u00bbon|desktop\u00bb header_2_font_size_tablet=\u00bb50px\u00bb header_2_font_size_phone=\u00bb30px\u00bb header_2_font_size_last_edited=\u00bbon|desktop\u00bb]<\/p>\n<h2>Servicios<\/h2>\n<h1><span>Puntos principales<\/span><\/h1>\n<p><span>En <strong>Residencia Ntra. Sra. De Gracia<\/strong> buscamos la mejor soluci\u00f3n a las necesidades que puedan tener nuestros residentes en nuestro centro de d\u00eda y residencia en Ajofr\u00edn, garantizando su m\u00e1ximo confort a trav\u00e9s del Departamento de Recepci\u00f3n y Administraci\u00f3n. All\u00ed nos encargamos del asesoramiento y de las gestiones necesarias para acceder a los diferentes servicios, tales como nuestro servicio m\u00e9dico profesional.<\/span><\/p>\n<p>Realizamos todos los servicios asistenciales mediante un diagn\u00f3stico previo individualizado y un posterior plan de tratamiento espec\u00edfico para cada caso. Trabajamos tratamientos de fisioterapia y fomentamos la integraci\u00f3n a trav\u00e9s de la terapia ocupacional y el trabajo social.<\/p>\n<p>[\/et_pb_text][\/et_pb_column][et_pb_column type=\u00bb1_2&#8243; _builder_version=\u00bb3.25&#8243; custom_padding=\u00bb|||\u00bb custom_padding__hover=\u00bb|||\u00bb][et_pb_image src=\u00bbhttp:\/\/madrid2.com\/residencia\/wp-content\/uploads\/2021\/04\/trato_personal_residencia.jpg\u00bb title_text=\u00bbtrato_personal_residencia\u00bb align=\u00bbcenter\u00bb align_tablet=\u00bbcenter\u00bb align_phone=\u00bb\u00bb align_last_edited=\u00bbon|desktop\u00bb _builder_version=\u00bb4.9.3&#8243; custom_margin=\u00bb150px||||false|false\u00bb border_radii=\u00bbon|10px|10px|10px|10px\u00bb][\/et_pb_image][\/et_pb_column][\/et_pb_row][\/et_pb_section][et_pb_section fb_built=\u00bb1&#8243; prev_background_color=\u00bb#ffffff\u00bb admin_label=\u00bbServices\u00bb _builder_version=\u00bb4.8.2&#8243; background_color=\u00bb#437a88&#8243; use_background_color_gradient=\u00bbon\u00bb background_color_gradient_start=\u00bb#437a88&#8243; background_color_gradient_end=\u00bbrgba(67,122,136,0.6)\u00bb background_image=\u00bbhttp:\/\/madrid2.com\/residencia\/wp-content\/uploads\/2021\/02\/Foto-11-despacho-medico-scaled.jpg\u00bb background_position=\u00bbbottom_right\u00bb background_blend=\u00bbmultiply\u00bb custom_padding=\u00bb10vw||100px||false|false\u00bb top_divider_style=\u00bbwave\u00bb top_divider_height=\u00bb10vw\u00bb top_divider_repeat=\u00bb0.75x\u00bb bottom_divider_style=\u00bbwave2&#8243; bottom_divider_color=\u00bb#FFFFFF\u00bb bottom_divider_height=\u00bb10vw\u00bb bottom_divider_repeat=\u00bb0.75x\u00bb][et_pb_row column_structure=\u00bb1_2,1_2&#8243; _builder_version=\u00bb4.8.2&#8243; background_color=\u00bb#FFFFFF\u00bb custom_padding=\u00bb25px|25px|25px|25px|false|false\u00bb border_radii=\u00bbon|10px|10px|10px|10px\u00bb box_shadow_style=\u00bbpreset1&#8243;][et_pb_column type=\u00bb1_2&#8243; _builder_version=\u00bb3.25&#8243; custom_padding=\u00bb|||\u00bb custom_padding__hover=\u00bb|||\u00bb][et_pb_image src=\u00bbhttp:\/\/madrid2.com\/residencia\/wp-content\/uploads\/2021\/02\/Foto-11-despacho-medico-scaled.jpg\u00bb title_text=\u00bbresidencia-ntra-sra-de-gracia-equipo-de-trabajo-residencia\u00bb align=\u00bbcenter\u00bb _builder_version=\u00bb4.9.3&#8243; _module_preset=\u00bbdefault\u00bb border_radii=\u00bbon|5px|5px|5px|5px\u00bb][\/et_pb_image][\/et_pb_column][et_pb_column type=\u00bb1_2&#8243; _builder_version=\u00bb3.25&#8243; custom_padding=\u00bb|||\u00bb custom_padding__hover=\u00bb|||\u00bb][et_pb_text _builder_version=\u00bb4.8.2&#8243; text_font=\u00bb||||||||\u00bb text_line_height=\u00bb1.4em\u00bb header_font=\u00bb||||||||\u00bb header_3_font=\u00bbMerriweather|700|||||||\u00bb header_3_font_size=\u00bb26px\u00bb header_3_line_height=\u00bb1.6em\u00bb header_3_font_size_tablet=\u00bb\u00bb header_3_font_size_phone=\u00bb20px\u00bb header_3_font_size_last_edited=\u00bbon|phone\u00bb locked=\u00bboff\u00bb]<\/p>\n<h3><span>Servicio m\u00e9dico<\/span><\/h3>\n<p>La residencia cuenta con<span>\u00a0<\/span><span>Asistencia M\u00e9dica<\/span><span>\u00a0<\/span>permanente a disposici\u00f3n de los residentes. Se realizan valoraciones del estado de salud de los residentes, seguimiento y aplicaci\u00f3n de pautas de tratamiento adecuado a cada caso. Adem\u00e1s, se realizan los tr\u00e1mites m\u00e9dicos para la obtenci\u00f3n de recetas, visados, citas con especialistas, solicitud de transporte sanitario y gesti\u00f3n de material sanitario vario.<\/p>\n<p>Nuestro servicio m\u00e9dico mantiene un contacto directo con el SESCAM (Servicio P\u00fablico de Asistencia Sanitaria de Castilla La Mancha).<\/p>\n<p>[\/et_pb_text][\/et_pb_column][\/et_pb_row][\/et_pb_section][et_pb_section fb_built=\u00bb1&#8243; admin_label=\u00bbServices\u00bb _builder_version=\u00bb4.9.3&#8243; background_color=\u00bb#437a88&#8243; use_background_color_gradient=\u00bbon\u00bb background_color_gradient_start=\u00bb#437a88&#8243; background_color_gradient_end=\u00bbrgba(67,122,136,0.6)\u00bb background_image=\u00bbhttp:\/\/madrid2.com\/residencia\/wp-content\/uploads\/2021\/04\/fisioterapia_residencia_ajofrin.jpg\u00bb background_position=\u00bbbottom_right\u00bb background_blend=\u00bbmultiply\u00bb custom_padding=\u00bb10vw||100px||false|false\u00bb top_divider_style=\u00bbwave\u00bb top_divider_color=\u00bb#FFFFFF\u00bb top_divider_height=\u00bb10vw\u00bb top_divider_repeat=\u00bb0.75x\u00bb bottom_divider_style=\u00bbwave2&#8243; bottom_divider_color=\u00bb#FFFFFF\u00bb][et_pb_row column_structure=\u00bb1_2,1_2&#8243; _builder_version=\u00bb4.9.3&#8243; background_color=\u00bb#FFFFFF\u00bb custom_padding=\u00bb25px|25px|25px|25px|false|false\u00bb animation_style=\u00bbfade\u00bb border_radii=\u00bbon|10px|10px|10px|10px\u00bb box_shadow_style=\u00bbpreset1&#8243; box_shadow_vertical=\u00bb12px\u00bb][et_pb_column type=\u00bb1_2&#8243; _builder_version=\u00bb3.25&#8243; custom_padding=\u00bb|||\u00bb custom_padding__hover=\u00bb|||\u00bb][et_pb_text _builder_version=\u00bb4.8.2&#8243; text_font=\u00bb||||||||\u00bb text_line_height=\u00bb1.6em\u00bb header_font=\u00bb||||||||\u00bb header_3_font=\u00bbMerriweather|700|||||||\u00bb header_3_font_size=\u00bb26px\u00bb header_3_line_height=\u00bb1.6em\u00bb header_3_font_size_tablet=\u00bb\u00bb header_3_font_size_phone=\u00bb20px\u00bb header_3_font_size_last_edited=\u00bbon|phone\u00bb locked=\u00bboff\u00bb]<\/p>\n<h3><span>Fisioterapia<\/span><\/h3>\n<p><span>El\u00a0<\/span><span>Servicio de Fisioterapia<\/span><span>\u00a0ofrece tratamientos de rehabilitaci\u00f3n a aquellas personas con problemas de movilidad y de marcha, producidos por accidentes cerebrovasculares, ca\u00eddas, problemas circulatorios, intervenciones de pr\u00f3tesis y otras patolog\u00edas.<\/span><\/p>\n<p><span>Gracias a este servicio, la persona afectada podr\u00e1 recuperar una independencia que le permitir\u00e1 acceder a una mayor calidad de vida.<\/span><\/p>\n<p>[\/et_pb_text][\/et_pb_column][et_pb_column type=\u00bb1_2&#8243; _builder_version=\u00bb3.25&#8243; custom_padding=\u00bb|||\u00bb custom_padding__hover=\u00bb|||\u00bb][et_pb_image src=\u00bbhttp:\/\/madrid2.com\/residencia\/wp-content\/uploads\/2021\/04\/fisioterapia_residencia_ajofrin.jpg\u00bb title_text=\u00bbfisioterapia_residencia_ajofrin\u00bb align=\u00bbcenter\u00bb align_tablet=\u00bbcenter\u00bb align_phone=\u00bb\u00bb align_last_edited=\u00bbon|desktop\u00bb _builder_version=\u00bb4.9.3&#8243; animation_style=\u00bbfade\u00bb border_radii=\u00bbon|5px|5px|5px|5px\u00bb][\/et_pb_image][\/et_pb_column][\/et_pb_row][\/et_pb_section][et_pb_section fb_built=\u00bb1&#8243; admin_label=\u00bbServices\u00bb _builder_version=\u00bb4.8.2&#8243; background_color=\u00bb#437a88&#8243; use_background_color_gradient=\u00bbon\u00bb background_color_gradient_start=\u00bb#437a88&#8243; background_color_gradient_end=\u00bbrgba(67,122,136,0.6)\u00bb background_image=\u00bbhttp:\/\/madrid2.com\/residencia\/wp-content\/uploads\/2021\/02\/1612196660976758-0.jpg\u00bb background_position=\u00bbbottom_right\u00bb background_blend=\u00bbmultiply\u00bb custom_padding=\u00bb10vw||100px||false|false\u00bb top_divider_style=\u00bbwave\u00bb top_divider_color=\u00bb#FFFFFF\u00bb top_divider_height=\u00bb10vw\u00bb top_divider_repeat=\u00bb0.75x\u00bb bottom_divider_style=\u00bbwave2&#8243; bottom_divider_color=\u00bb#FFFFFF\u00bb][et_pb_row column_structure=\u00bb1_3,2_3&#8243; _builder_version=\u00bb4.9.3&#8243; background_color=\u00bb#FFFFFF\u00bb custom_padding=\u00bb25px|25px|25px|25px|false|false\u00bb animation_style=\u00bbfade\u00bb border_radii=\u00bbon|10px|10px|10px|10px\u00bb box_shadow_style=\u00bbpreset1&#8243; box_shadow_vertical=\u00bb13px\u00bb][et_pb_column type=\u00bb1_3&#8243; _builder_version=\u00bb3.25&#8243; custom_padding=\u00bb|||\u00bb custom_padding__hover=\u00bb|||\u00bb][et_pb_image src=\u00bbhttp:\/\/madrid2.com\/residencia\/wp-content\/uploads\/2021\/02\/1612196660976758-0.jpg\u00bb title_text=\u00bb1612196660976758-0&#8243; align=\u00bbcenter\u00bb align_tablet=\u00bbcenter\u00bb align_phone=\u00bb\u00bb align_last_edited=\u00bbon|desktop\u00bb _builder_version=\u00bb4.8.2&#8243; animation_style=\u00bbfade\u00bb border_radii=\u00bbon|5px|5px|5px|5px\u00bb][\/et_pb_image][\/et_pb_column][et_pb_column type=\u00bb2_3&#8243; _builder_version=\u00bb3.25&#8243; custom_padding=\u00bb|||\u00bb custom_padding__hover=\u00bb|||\u00bb][et_pb_text _builder_version=\u00bb4.8.2&#8243; text_font=\u00bb||||||||\u00bb text_line_height=\u00bb1.4em\u00bb header_font=\u00bb||||||||\u00bb header_3_font=\u00bbMerriweather|700|||||||\u00bb header_3_font_size=\u00bb26px\u00bb header_3_line_height=\u00bb1.6em\u00bb header_3_font_size_tablet=\u00bb\u00bb header_3_font_size_phone=\u00bb20px\u00bb header_3_font_size_last_edited=\u00bbon|phone\u00bb locked=\u00bboff\u00bb]<\/p>\n<h3><span>Terapia ocupacional<\/span><\/h3>\n<p><span>La\u00a0<\/span><span>terapia ocupacional<\/span><span>\u00a0que ofrecemos en nuestra residencia est\u00e1 orientada a fomentar la\u00a0<\/span><span>integraci\u00f3n<\/span><span>\u00a0y a\u00a0<\/span><span>mejorar la calidad de vida<\/span><span>, en especial a aquellos\u00a0<\/span><span>residentes en situaci\u00f3n de dependencia.<\/span><\/p>\n<p><span>Nuestros terapeutas aplican diferentes t\u00e9cnicas para<\/span><span>\u00a0recuperar y potenciar las capacidades<\/span><span>\u00a0de la persona afectada, de manera tal que, disminuyendo su\u00a0<\/span><span>nivel de aislamiento y de pasividad<\/span><span>, se incremente y se potencie su\u00a0<\/span><span>independencia<\/span><span>\u00a0y\u00a0<\/span><span>grado de socializaci\u00f3n<\/span><span>. Adem\u00e1s de t\u00e9cnicas especializadas, se ofrece un programa amplio de actividades de ocio y tiempo libre.<\/span><\/p>\n<p>[\/et_pb_text][\/et_pb_column][\/et_pb_row][\/et_pb_section][et_pb_section fb_built=\u00bb1&#8243; admin_label=\u00bbServices\u00bb _builder_version=\u00bb4.9.3&#8243; background_color=\u00bb#437a88&#8243; use_background_color_gradient=\u00bbon\u00bb background_color_gradient_start=\u00bb#437a88&#8243; background_color_gradient_end=\u00bbrgba(67,122,136,0.6)\u00bb background_image=\u00bbhttp:\/\/madrid2.com\/residencia\/wp-content\/uploads\/2021\/04\/trato_personalizado_residencia.jpg\u00bb background_position=\u00bbbottom_right\u00bb background_blend=\u00bbmultiply\u00bb custom_padding=\u00bb10vw||100px||false|false\u00bb top_divider_style=\u00bbwave\u00bb top_divider_color=\u00bb#FFFFFF\u00bb top_divider_height=\u00bb10vw\u00bb top_divider_repeat=\u00bb0.75x\u00bb bottom_divider_style=\u00bbwave2&#8243; bottom_divider_color=\u00bb#FFFFFF\u00bb][et_pb_row column_structure=\u00bb1_2,1_2&#8243; _builder_version=\u00bb4.9.3&#8243; background_color=\u00bb#FFFFFF\u00bb custom_padding=\u00bb25px|25px|25px|25px|false|false\u00bb animation_style=\u00bbfade\u00bb border_radii=\u00bbon|10px|10px|10px|10px\u00bb box_shadow_style=\u00bbpreset1&#8243; box_shadow_vertical=\u00bb12px\u00bb][et_pb_column type=\u00bb1_2&#8243; _builder_version=\u00bb3.25&#8243; custom_padding=\u00bb|||\u00bb custom_padding__hover=\u00bb|||\u00bb][et_pb_text _builder_version=\u00bb4.8.2&#8243; text_font=\u00bb||||||||\u00bb header_font=\u00bb||||||||\u00bb header_3_font=\u00bbMerriweather|700|||||||\u00bb header_3_font_size=\u00bb26px\u00bb header_3_line_height=\u00bb1.6em\u00bb header_3_font_size_tablet=\u00bb\u00bb header_3_font_size_phone=\u00bb20px\u00bb header_3_font_size_last_edited=\u00bbon|phone\u00bb locked=\u00bboff\u00bb]<\/p>\n<h3><span>CUIDADOS PERSONALIZADOS E INDIVIDUALES<\/span><\/h3>\n<p><span>El trato personal es una clave en nuestra Residencia. Cada persona es \u00fanica y tiene sus deseos y necesidades.  El trato con respeto humano es una m\u00e1xima en nuestra asistencia diaria. Ello incluye una atenci\u00f3n amable, respeto a sus costumbres, protecci\u00f3n de su intimidad, trato adulto\u2026 Desde el Modelo de Atenci\u00f3n Centrado en la Persona, no son los profesionales los que decidimos c\u00f3mo actuar, las decisiones se toman entre el Residente, o familia, y los profesionales del centro, incluso, cuando las personas tienen deterioro cognitivo.<\/span>[\/et_pb_text][\/et_pb_column][et_pb_column type=\u00bb1_2&#8243; _builder_version=\u00bb3.25&#8243; custom_padding=\u00bb|||\u00bb custom_padding__hover=\u00bb|||\u00bb][et_pb_image src=\u00bbhttp:\/\/madrid2.com\/residencia\/wp-content\/uploads\/2021\/04\/trato_personalizado_residencia.jpg\u00bb title_text=\u00bbtrato_personalizado_residencia\u00bb align=\u00bbcenter\u00bb align_tablet=\u00bbcenter\u00bb align_phone=\u00bb\u00bb align_last_edited=\u00bbon|desktop\u00bb _builder_version=\u00bb4.9.3&#8243; animation_style=\u00bbfade\u00bb border_radii=\u00bbon|5px|5px|5px|5px\u00bb][\/et_pb_image][\/et_pb_column][\/et_pb_row][\/et_pb_section][et_pb_section fb_built=\u00bb1&#8243; admin_label=\u00bbServices\u00bb _builder_version=\u00bb4.8.2&#8243; background_color=\u00bb#437a88&#8243; use_background_color_gradient=\u00bbon\u00bb background_color_gradient_start=\u00bb#437a88&#8243; background_color_gradient_end=\u00bbrgba(67,122,136,0.6)\u00bb background_image=\u00bbhttp:\/\/madrid2.com\/residencia\/wp-content\/uploads\/2021\/02\/Foto-13-Peluqueria.jpg\u00bb background_position=\u00bbbottom_right\u00bb background_blend=\u00bbmultiply\u00bb custom_padding=\u00bb10vw||100px||false|false\u00bb top_divider_style=\u00bbwave\u00bb top_divider_color=\u00bb#FFFFFF\u00bb top_divider_height=\u00bb10vw\u00bb top_divider_repeat=\u00bb0.75x\u00bb bottom_divider_style=\u00bbwave2&#8243; bottom_divider_color=\u00bb#FFFFFF\u00bb bottom_divider_height=\u00bb10vw\u00bb bottom_divider_repeat=\u00bb0.75x\u00bb][et_pb_row column_structure=\u00bb1_2,1_2&#8243; _builder_version=\u00bb4.9.3&#8243; background_color=\u00bb#FFFFFF\u00bb custom_padding=\u00bb25px|25px|25px|25px|false|false\u00bb animation_style=\u00bbfade\u00bb border_radii=\u00bbon|10px|10px|10px|10px\u00bb box_shadow_style=\u00bbpreset1&#8243; box_shadow_vertical=\u00bb13px\u00bb][et_pb_column type=\u00bb1_2&#8243; _builder_version=\u00bb3.25&#8243; custom_padding=\u00bb|||\u00bb custom_padding__hover=\u00bb|||\u00bb][et_pb_image src=\u00bbhttp:\/\/madrid2.com\/residencia\/wp-content\/uploads\/2021\/02\/Foto-13-Peluqueria.jpg\u00bb title_text=\u00bbFoto 13 &#8211; Peluquer\u00eda\u00bb align=\u00bbcenter\u00bb align_tablet=\u00bbcenter\u00bb align_phone=\u00bb\u00bb align_last_edited=\u00bbon|desktop\u00bb _builder_version=\u00bb4.8.2&#8243; animation_style=\u00bbfade\u00bb border_radii=\u00bbon|5px|5px|5px|5px\u00bb][\/et_pb_image][\/et_pb_column][et_pb_column type=\u00bb1_2&#8243; _builder_version=\u00bb3.25&#8243; custom_padding=\u00bb|||\u00bb custom_padding__hover=\u00bb|||\u00bb][et_pb_text _builder_version=\u00bb4.8.2&#8243; text_font=\u00bb||||||||\u00bb header_font=\u00bb||||||||\u00bb header_3_font=\u00bbMerriweather|700|||||||\u00bb header_3_font_size=\u00bb26px\u00bb header_3_line_height=\u00bb1.6em\u00bb header_3_font_size_tablet=\u00bb\u00bb header_3_font_size_phone=\u00bb20px\u00bb header_3_font_size_last_edited=\u00bbon|phone\u00bb locked=\u00bboff\u00bb]<\/p>\n<h3><span>EQUIPO MULTIDISCIPLINAR QUE POTENCIE LA CALIDAD DE VIDA DE LAS PERSONAS<\/span><\/h3>\n<p><span>La mejora de la calidad de vida del Residente es nuestra meta. Estamos encantados de que nuestros Residentes nos indiquen c\u00f3mo mejorarlo e intervenir en ello. Por ello, nuestros profesionales tienen capacidad de empat\u00eda y de escucha activa para conocer las decisiones e intereses de la persona. En este sentido, la comunicaci\u00f3n y el di\u00e1logo es imprescindible en el modelo asistencial de nuestro centro. Todos los profesionales conocen las historias de vida de los Residentes. La figura de los profesionales consiste en asesorar, apoyar, orientar\u2026 al Residente teniendo en cuenta lo que la persona quiere. Potenciar la autonom\u00eda y la dependencia son las metas de nuestro equipo de profesionales. <\/span><\/p>\n<p>[\/et_pb_text][\/et_pb_column][\/et_pb_row][\/et_pb_section]<\/p>\n","protected":false},"excerpt":{"rendered":"<p>[et_pb_section fb_built=\u00bb1&#8243; admin_label=\u00bbHeader\u00bb _builder_version=\u00bb4.9.3&#8243; custom_margin=\u00bb0px||0px||false|false\u00bb custom_padding=\u00bb0px||0px||false|false\u00bb][et_pb_row column_structure=\u00bb1_2,1_2&#8243; _builder_version=\u00bb4.9.3&#8243; background_size=\u00bbcontain\u00bb custom_margin=\u00bb0px||||false|false\u00bb custom_padding=\u00bb0px||||false|false\u00bb animation_style=\u00bbzoom\u00bb animation_intensity_zoom=\u00bb10%\u00bb][et_pb_column type=\u00bb1_2&#8243; _builder_version=\u00bb3.25&#8243; custom_padding=\u00bb80px|||\u00bb custom_padding_tablet=\u00bb0px|||\u00bb custom_padding_phone=\u00bb\u00bb custom_padding_last_edited=\u00bbon|tablet\u00bb custom_padding__hover=\u00bb|||\u00bb][et_pb_text _builder_version=\u00bb4.8.2&#8243; text_font=\u00bb||||||||\u00bb ul_font=\u00bb||||||||\u00bb ol_font=\u00bb||||||||\u00bb header_font=\u00bbMontserrat|500||on|||||\u00bb header_font_size=\u00bb18px\u00bb header_letter_spacing=\u00bb5px\u00bb header_line_height=\u00bb1.5em\u00bb header_2_font=\u00bbMerriweather|700|||||||\u00bb header_2_font_size=\u00bb60px\u00bb header_2_line_height=\u00bb1.4em\u00bb header_3_font=\u00bb||||||||\u00bb header_4_font=\u00bb||||||||\u00bb header_5_font=\u00bb||||||||\u00bb header_6_font=\u00bb||||||||\u00bb header_font_size_tablet=\u00bb\u00bb header_font_size_phone=\u00bb12px\u00bb header_font_size_last_edited=\u00bbon|desktop\u00bb header_2_font_size_tablet=\u00bb50px\u00bb header_2_font_size_phone=\u00bb30px\u00bb header_2_font_size_last_edited=\u00bbon|desktop\u00bb] Servicios Puntos principales En Residencia Ntra. Sra. De Gracia buscamos la mejor soluci\u00f3n a [&hellip;]<\/p>\n","protected":false},"author":1,"featured_media":0,"parent":0,"menu_order":0,"comment_status":"closed","ping_status":"closed","template":"","meta":{"_et_pb_use_builder":"on","_et_pb_old_content":"","_et_gb_content_width":"","footnotes":""},"class_list":["post-8954","page","type-page","status-publish","hentry"],"_links":{"self":[{"href":"http:\/\/madrid2.com\/residencia\/wp-json\/wp\/v2\/pages\/8954","targetHints":{"allow":["GET"]}}],"collection":[{"href":"http:\/\/madrid2.com\/residencia\/wp-json\/wp\/v2\/pages"}],"about":[{"href":"http:\/\/madrid2.com\/residencia\/wp-json\/wp\/v2\/types\/page"}],"author":[{"embeddable":true,"href":"http:\/\/madrid2.com\/residencia\/wp-json\/wp\/v2\/users\/1"}],"replies":[{"embeddable":true,"href":"http:\/\/madrid2.com\/residencia\/wp-json\/wp\/v2\/comments?post=8954"}],"version-history":[{"count":5,"href":"http:\/\/madrid2.com\/residencia\/wp-json\/wp\/v2\/pages\/8954\/revisions"}],"predecessor-version":[{"id":9069,"href":"http:\/\/madrid2.com\/residencia\/wp-json\/wp\/v2\/pages\/8954\/revisions\/9069"}],"wp:attachment":[{"href":"http:\/\/madrid2.com\/residencia\/wp-json\/wp\/v2\/media?parent=8954"}],"curies":[{"name":"wp","href":"https:\/\/api.w.org\/{rel}","templated":true}]}}